{"id":223,"date":"2022-06-26T16:27:42","date_gmt":"2022-06-26T14:27:42","guid":{"rendered":"http:\/\/spiralefcc.fr\/?page_id=223"},"modified":"2025-03-22T16:35:57","modified_gmt":"2025-03-22T15:35:57","slug":"gerer-efficacement-le-stress-du-quotidien","status":"publish","type":"page","link":"https:\/\/spiralefcc.fr\/?page_id=223","title":{"rendered":"G\u00c9RER EFFICACEMENT LE STRESS DU QUOTIDIEN"},"content":{"rendered":"\n<p><em><em>A l&#8217;issue de cette formation, le stagiaire sera capable d\u2019adopter une posture pour limiter les effets n\u00e9gatifs du stress subit tant au niveau personnel que professionnel.<\/em><\/em><\/p>\n\n\n\n<h2 class=\"wp-block-heading\">INFORMATIONS G\u00c9N\u00c9RALES SUR LA FORMATION<\/h2>\n\n\n\n<figure class=\"wp-block-table is-style-stripes\"><table class=\"has-white-background-color has-background\"><tbody><tr><td class=\"has-text-align-center\" data-align=\"center\"><strong>Dur\u00e9e:<\/strong><br><img loading=\"lazy\" decoding=\"async\" width=\"40\" height=\"40\" class=\"wp-image-156\" style=\"width: 40px;\" src=\"http:\/\/spiralefcc.fr\/wp-content\/uploads\/2022\/06\/time-g853db0374_640.png\" alt=\"\" srcset=\"https:\/\/spiralefcc.fr\/wp-content\/uploads\/2022\/06\/time-g853db0374_640.png 640w, https:\/\/spiralefcc.fr\/wp-content\/uploads\/2022\/06\/time-g853db0374_640-300x300.png 300w, https:\/\/spiralefcc.fr\/wp-content\/uploads\/2022\/06\/time-g853db0374_640-150x150.png 150w, https:\/\/spiralefcc.fr\/wp-content\/uploads\/2022\/06\/time-g853db0374_640-100x100.png 100w\" sizes=\"auto, (max-width: 40px) 100vw, 40px\" \/><\/td><td>21 heures, soit 3  jours<\/td><\/tr><tr><td class=\"has-text-align-center\" data-align=\"center\"><strong>Profil des apprenants :<\/strong><br><img loading=\"lazy\" decoding=\"async\" width=\"60\" height=\"39\" class=\"wp-image-159\" style=\"width: 60px;\" src=\"http:\/\/spiralefcc.fr\/wp-content\/uploads\/2022\/06\/customer-g6152290f2_1920.jpg\" alt=\"\" srcset=\"https:\/\/spiralefcc.fr\/wp-content\/uploads\/2022\/06\/customer-g6152290f2_1920.jpg 1920w, https:\/\/spiralefcc.fr\/wp-content\/uploads\/2022\/06\/customer-g6152290f2_1920-300x194.jpg 300w, https:\/\/spiralefcc.fr\/wp-content\/uploads\/2022\/06\/customer-g6152290f2_1920-1024x662.jpg 1024w, https:\/\/spiralefcc.fr\/wp-content\/uploads\/2022\/06\/customer-g6152290f2_1920-768x496.jpg 768w, https:\/\/spiralefcc.fr\/wp-content\/uploads\/2022\/06\/customer-g6152290f2_1920-1536x993.jpg 1536w\" sizes=\"auto, (max-width: 60px) 100vw, 60px\" \/><\/td><td>&#8211; Tout public d\u00e9sireux de g\u00e9rer ses r\u00e9actions face aux situations g\u00e9n\u00e9ratrices de stress.<br>&#8211; Formation ouverte aux \u00e9lus locaux dans le cadre de leur mandat.<\/td><\/tr><tr><td class=\"has-text-align-center\" data-align=\"center\"><strong>Pr\u00e9requis :<\/strong><br><img loading=\"lazy\" decoding=\"async\" width=\"40\" height=\"37\" class=\"wp-image-158\" style=\"width: 40px;\" src=\"http:\/\/spiralefcc.fr\/wp-content\/uploads\/2022\/06\/puzzle-g251d3fcc6_640.png\" alt=\"\" srcset=\"https:\/\/spiralefcc.fr\/wp-content\/uploads\/2022\/06\/puzzle-g251d3fcc6_640.png 640w, https:\/\/spiralefcc.fr\/wp-content\/uploads\/2022\/06\/puzzle-g251d3fcc6_640-300x280.png 300w\" sizes=\"auto, (max-width: 40px) 100vw, 40px\" \/><\/td><td>aucun pr\u00e9requis<\/td><\/tr><tr><td class=\"has-text-align-center\" data-align=\"center\"><strong>Nombre de participants :<\/strong><br><img loading=\"lazy\" decoding=\"async\" width=\"40\" height=\"40\" class=\"wp-image-157\" style=\"width: 40px;\" src=\"http:\/\/spiralefcc.fr\/wp-content\/uploads\/2022\/06\/association-gf7069921c_1280.png\" alt=\"\" srcset=\"https:\/\/spiralefcc.fr\/wp-content\/uploads\/2022\/06\/association-gf7069921c_1280.png 1280w, https:\/\/spiralefcc.fr\/wp-content\/uploads\/2022\/06\/association-gf7069921c_1280-300x300.png 300w, https:\/\/spiralefcc.fr\/wp-content\/uploads\/2022\/06\/association-gf7069921c_1280-1024x1024.png 1024w, https:\/\/spiralefcc.fr\/wp-content\/uploads\/2022\/06\/association-gf7069921c_1280-150x150.png 150w, https:\/\/spiralefcc.fr\/wp-content\/uploads\/2022\/06\/association-gf7069921c_1280-768x768.png 768w, https:\/\/spiralefcc.fr\/wp-content\/uploads\/2022\/06\/association-gf7069921c_1280-100x100.png 100w\" sizes=\"auto, (max-width: 40px) 100vw, 40px\" \/><\/td><td>5 \u00e0 10 personnes<\/td><\/tr><\/tbody><\/table><\/figure>\n\n\n\n<hr class=\"wp-block-separator has-alpha-channel-opacity is-style-wide\"\/>\n\n\n\n<h2 class=\"wp-block-heading\">\u00c9L\u00c9MENTS P\u00c9DAGOGIQUES<\/h2>\n\n\n\n<figure class=\"wp-block-table is-style-stripes\"><table class=\"has-white-background-color has-background\"><tbody><tr><td class=\"has-text-align-center\" data-align=\"center\"><strong>Objectifs P\u00e9dagogiques<\/strong> : <br><img loading=\"lazy\" decoding=\"async\" width=\"40\" height=\"40\" class=\"wp-image-161\" style=\"width: 40px;\" src=\"http:\/\/spiralefcc.fr\/wp-content\/uploads\/2022\/06\/target-g6ab88b635_640.png\" alt=\"\" srcset=\"https:\/\/spiralefcc.fr\/wp-content\/uploads\/2022\/06\/target-g6ab88b635_640.png 640w, https:\/\/spiralefcc.fr\/wp-content\/uploads\/2022\/06\/target-g6ab88b635_640-300x300.png 300w, https:\/\/spiralefcc.fr\/wp-content\/uploads\/2022\/06\/target-g6ab88b635_640-150x150.png 150w, https:\/\/spiralefcc.fr\/wp-content\/uploads\/2022\/06\/target-g6ab88b635_640-100x100.png 100w\" sizes=\"auto, (max-width: 40px) 100vw, 40px\" \/><\/td><td>-D\u00e9terminer quels sont les impact du stress et de la peur sur sa vie quotidienne.<br>&#8211; R\u00e9sumer l\u2019importance de cr\u00e9er des points d\u2019\u00e9tapes lors de la fixation d\u2019objectifs.<br>&#8211; Indiquer quelles sont les m\u00e9thodes possibles pour une communication sans violence.<br>&#8211; Adopter un regard positif et bienveillant sur sa propre image.<br>&#8211; Pratiquer des exercices de respiration \u00e0 vis\u00e9e relaxante.<br>&#8211; Pratiquer la coh\u00e9rence cardiaque.<br>&#8211; Proposer des actions pr\u00e9ventives afin d\u2019\u00e9viter le stress au quotidien (vie personnelle et vie professionnelle).<\/td><\/tr><tr><td class=\"has-text-align-center\" data-align=\"center\"><strong>Contenu de la formation : <\/strong><br><img loading=\"lazy\" decoding=\"async\" width=\"40\" height=\"60\" class=\"wp-image-162\" style=\"width: 40px;\" src=\"http:\/\/spiralefcc.fr\/wp-content\/uploads\/2022\/06\/steps-gf3f152595_1280.png\" alt=\"\" srcset=\"https:\/\/spiralefcc.fr\/wp-content\/uploads\/2022\/06\/steps-gf3f152595_1280.png 850w, https:\/\/spiralefcc.fr\/wp-content\/uploads\/2022\/06\/steps-gf3f152595_1280-199x300.png 199w, https:\/\/spiralefcc.fr\/wp-content\/uploads\/2022\/06\/steps-gf3f152595_1280-680x1024.png 680w, https:\/\/spiralefcc.fr\/wp-content\/uploads\/2022\/06\/steps-gf3f152595_1280-768x1157.png 768w\" sizes=\"auto, (max-width: 40px) 100vw, 40px\" \/><\/td><td><strong>Jour 1<\/strong><br>&#8211; S\u2019\u00e9valuer pour \u00e9voluer<br>&#8211; Les fondamentaux du stress<br>&#8211; Le droit \u00e0 l\u2019erreur<br>&#8211; Les effets de groupe<br>&#8211; Les points d\u2019\u00e9tapes<br>&#8211; Les points d\u2019ancrage<br>&#8211; Les m\u00e9canismes de la peur<br><br><strong>Jour 2<\/strong><br>&#8211; Les m\u00e9canismes chimiques de la peur<br>&#8211; Les leurres<br>&#8211; Respiration et gestion du stress<br>&#8211; Communiquer sans violence<br>&#8211; La coh\u00e9rence cardiaque<br>&#8211; Agir avant le burn-out<br>&#8211; Image et confiance en soi-m\u00eame<br><br><strong>Jour 3<\/strong><br>&#8211; Les 5 postures tib\u00e9taines<br>&#8211; Coordination kinesth\u00e9sique<br>&#8211; Visualisation mentale<br>&#8211; Interview crois\u00e9es<br>&#8211; Stress et pr\u00e9vention<br>&#8211; Le principe des dominos<br>&#8211; Les promesses<\/td><\/tr><\/tbody><\/table><\/figure>\n\n\n\n<hr class=\"wp-block-separator has-alpha-channel-opacity is-style-wide\"\/>\n\n\n\n<h2 class=\"wp-block-heading\">ORGANISATION DE LA FORMATION<\/h2>\n\n\n\n<figure class=\"wp-block-table is-style-stripes\"><table class=\"has-white-background-color has-background\"><tbody><tr><td class=\"has-text-align-center\" data-align=\"center\"><strong>\u00c9quipe p\u00e9dagogique<\/strong><br><img decoding=\"async\" class=\"wp-image-154\" style=\"width: 100px;\" src=\"http:\/\/spiralefcc.fr\/wp-content\/uploads\/2022\/06\/HeaderV2-min.jpg\" alt=\"\"><\/td><td><strong>Christophe ROSANVALLON&nbsp;:<\/strong><br>FORMATEUR \/ COACH \/ PR\u00c9PARATEUR MENTAL<br>Sp\u00e9cialiste en management, communication, art oratoire ainsi qu\u2019en comp\u00e9tences comportementales (soft skills) telles que&nbsp;:<br>&#8211; G\u00e9rer efficacement le stress du quotidien<br>&#8211; G\u00e9rer son temps et ses priorit\u00e9s<br>&#8211; Accepter de l\u00e2cher-prise&nbsp;;<br>&#8211; Communiquer sans violence<br>&#8211; \u00c9tablir une communication positive et constructive<br>&#8211; Augmenter son estime de soi et son charisme<br>Il coache r\u00e9guli\u00e8rement des personnalit\u00e9s du monde sportif et du monde politique.<\/td><\/tr><tr><td class=\"has-text-align-center\" data-align=\"center\"><strong><strong>Moyens p\u00e9dagogiques et techniques<\/strong><\/strong> : <br><img loading=\"lazy\" decoding=\"async\" width=\"40\" height=\"40\" class=\"wp-image-166\" style=\"width: 40px;\" src=\"http:\/\/spiralefcc.fr\/wp-content\/uploads\/2022\/06\/gear-g2d3286d0a_640.png\" alt=\"\" srcset=\"https:\/\/spiralefcc.fr\/wp-content\/uploads\/2022\/06\/gear-g2d3286d0a_640.png 640w, https:\/\/spiralefcc.fr\/wp-content\/uploads\/2022\/06\/gear-g2d3286d0a_640-300x300.png 300w, https:\/\/spiralefcc.fr\/wp-content\/uploads\/2022\/06\/gear-g2d3286d0a_640-150x150.png 150w, https:\/\/spiralefcc.fr\/wp-content\/uploads\/2022\/06\/gear-g2d3286d0a_640-100x100.png 100w\" sizes=\"auto, (max-width: 40px) 100vw, 40px\" \/><\/td><td>-Accueil des stagiaires dans une salle d\u00e9di\u00e9e \u00e0 la formation.<br>&#8211; Expos\u00e9s th\u00e9oriques.<br>&#8211; \u00c9tude de cas concrets.<br>&#8211; Outil cam\u00e9ra \/media training<br>&#8211; \u00c9changes nombreux entre les participants et avec le formateur.<br>&#8211; Mise \u00e0 disposition de documents supports \u00e0 la suite de la formation.<\/td><\/tr><tr><td class=\"has-text-align-center\" data-align=\"center\"><strong>Dispositif de suivi de l&#8217;ex\u00e9cution de l&#8217;\u00e9valuation des r\u00e9sultats de la formation<\/strong> : <br><img loading=\"lazy\" decoding=\"async\" width=\"40\" height=\"40\" class=\"wp-image-163\" style=\"width: 40px;\" src=\"http:\/\/spiralefcc.fr\/wp-content\/uploads\/2022\/06\/list-g6835e516b_1280.png\" alt=\"\" srcset=\"https:\/\/spiralefcc.fr\/wp-content\/uploads\/2022\/06\/list-g6835e516b_1280.png 1280w, https:\/\/spiralefcc.fr\/wp-content\/uploads\/2022\/06\/list-g6835e516b_1280-300x300.png 300w, https:\/\/spiralefcc.fr\/wp-content\/uploads\/2022\/06\/list-g6835e516b_1280-1024x1024.png 1024w, https:\/\/spiralefcc.fr\/wp-content\/uploads\/2022\/06\/list-g6835e516b_1280-150x150.png 150w, https:\/\/spiralefcc.fr\/wp-content\/uploads\/2022\/06\/list-g6835e516b_1280-768x768.png 768w, https:\/\/spiralefcc.fr\/wp-content\/uploads\/2022\/06\/list-g6835e516b_1280-100x100.png 100w\" sizes=\"auto, (max-width: 40px) 100vw, 40px\" \/><\/td><td>&#8211; Feuilles de pr\u00e9sence.<br>&#8211; Questions orales ou \u00e9crites.<br>&#8211; Mises en situation.<br>&#8211; Formulaires d&#8217;\u00e9valuation de la formation.<\/td><\/tr><tr><td class=\"has-text-align-center\" data-align=\"center\"><strong>Acc\u00e8s \u00e0 la formation&nbsp;:<\/strong><br><img loading=\"lazy\" decoding=\"async\" width=\"40\" height=\"33\" class=\"wp-image-167\" style=\"width: 40px;\" src=\"http:\/\/spiralefcc.fr\/wp-content\/uploads\/2022\/06\/accept-gebcebbdc3_1280.png\" alt=\"\" srcset=\"https:\/\/spiralefcc.fr\/wp-content\/uploads\/2022\/06\/accept-gebcebbdc3_1280.png 1280w, https:\/\/spiralefcc.fr\/wp-content\/uploads\/2022\/06\/accept-gebcebbdc3_1280-300x251.png 300w, https:\/\/spiralefcc.fr\/wp-content\/uploads\/2022\/06\/accept-gebcebbdc3_1280-1024x857.png 1024w, https:\/\/spiralefcc.fr\/wp-content\/uploads\/2022\/06\/accept-gebcebbdc3_1280-768x643.png 768w\" sizes=\"auto, (max-width: 40px) 100vw, 40px\" \/><\/td><td>&#8211; La dur\u00e9e estim\u00e9e entre la demande et le d\u00e9but de la formation est variable entre 1 et 3 mois en fonction du profil des candidats et des modalit\u00e9s de prises en charge.<br>&#8211; Accessible aux personnes en situation de handicap. <em>Nous consulter pour tout am\u00e9nagement de parcours.<\/em><br>&#8211; <em>Les dates sont co-planifi\u00e9es avec le client. Nous consulter.<\/em><\/td><\/tr><tr><td class=\"has-text-align-center\" data-align=\"center\"><strong>Prix (nets de TVA) <\/strong>: <br><img loading=\"lazy\" decoding=\"async\" width=\"40\" height=\"40\" class=\"wp-image-180\" style=\"width: 40px;\" src=\"http:\/\/spiralefcc.fr\/wp-content\/uploads\/2022\/06\/euro-gadeceda12_640.png\" alt=\"\" srcset=\"https:\/\/spiralefcc.fr\/wp-content\/uploads\/2022\/06\/euro-gadeceda12_640.png 640w, https:\/\/spiralefcc.fr\/wp-content\/uploads\/2022\/06\/euro-gadeceda12_640-300x300.png 300w, https:\/\/spiralefcc.fr\/wp-content\/uploads\/2022\/06\/euro-gadeceda12_640-150x150.png 150w, https:\/\/spiralefcc.fr\/wp-content\/uploads\/2022\/06\/euro-gadeceda12_640-100x100.png 100w\" sizes=\"auto, (max-width: 40px) 100vw, 40px\" \/><\/td><td>&#8211; <strong>Intra\u00a0:<\/strong> 1200\u20ac\/jour soit <strong>3600\u20ac<\/strong><br>Frais formateur au forfait en fonction du lieu d\u2019intervention.<\/td><\/tr><\/tbody><\/table><\/figure>\n\n\n\n<hr class=\"wp-block-separator has-alpha-channel-opacity is-style-wide\"\/>\n\n\n\n<h2 class=\"wp-block-heading\">T\u00c9L\u00c9CHARGER LA FICHE PROGRAMME<\/h2>\n\n\n\n<p><\/p>\n\n\n\n<div data-wp-interactive=\"core\/file\" class=\"wp-block-file\"><object data-wp-bind--hidden=\"!state.hasPdfPreview\" hidden class=\"wp-block-file__embed\" data=\"https:\/\/spiralefcc.fr\/wp-content\/uploads\/2025\/03\/PROG002.1_gerer-stress-du-quotidien-3jours.pdf\" type=\"application\/pdf\" style=\"width:100%;height:600px\" aria-label=\"Embed of PROG002.1_g\u00e9rer stress du quotidien 3jours.\"><\/object><a id=\"wp-block-file--media-7e517108-2e8a-4db9-8dfc-ec282ad684da\" href=\"https:\/\/spiralefcc.fr\/wp-content\/uploads\/2025\/03\/PROG002.1_gerer-stress-du-quotidien-3jours.pdf\">PROG002.1_g\u00e9rer stress du quotidien 3jours<\/a><a href=\"https:\/\/spiralefcc.fr\/wp-content\/uploads\/2025\/03\/PROG002.1_gerer-stress-du-quotidien-3jours.pdf\" class=\"wp-block-file__button wp-element-button\" download aria-describedby=\"wp-block-file--media-7e517108-2e8a-4db9-8dfc-ec282ad684da\">T\u00e9l\u00e9charger<\/a><\/div>\n","protected":false},"excerpt":{"rendered":"<p>A l&#8217;issue de cette formation, le stagiaire sera capable d\u2019adopter une posture pour limiter les effets n\u00e9gatifs du stress subit tant au niveau personnel que professionnel. INFORMATIONS G\u00c9N\u00c9RALES SUR LA FORMATION Dur\u00e9e: 21 heures, soit 3 jours Profil des apprenants : &#8211; Tout public d\u00e9sireux de g\u00e9rer ses r\u00e9actions face aux situations g\u00e9n\u00e9ratrices de stress.&#8211; Formation ouverte aux \u00e9lus locaux dans le cadre de leur mandat. Pr\u00e9requis : aucun pr\u00e9requis Nombre de participants : 5 \u00e0 10 personnes \u00c9L\u00c9MENTS P\u00c9DAGOGIQUES Objectifs P\u00e9dagogiques : -D\u00e9terminer quels sont les impact du stress et de la peur sur sa vie quotidienne.&#8211; R\u00e9sumer l\u2019importance de cr\u00e9er des points d\u2019\u00e9tapes lors de la fixation d\u2019objectifs.&#8211; Indiquer quelles sont les m\u00e9thodes possibles pour une communication sans violence.&#8211; Adopter un regard positif et bienveillant sur sa propre image.&#8211; Pratiquer des exercices de respiration \u00e0 vis\u00e9e relaxante.&#8211; Pratiquer la coh\u00e9rence cardiaque.&#8211; Proposer des actions pr\u00e9ventives afin d\u2019\u00e9viter le stress au quotidien (vie personnelle et vie professionnelle). Contenu de la formation : Jour 1&#8211; S\u2019\u00e9valuer pour \u00e9voluer&#8211; Les fondamentaux du stress&#8211; Le droit \u00e0 l\u2019erreur&#8211; Les effets de groupe&#8211; Les points d\u2019\u00e9tapes&#8211; Les points d\u2019ancrage&#8211; Les m\u00e9canismes de la peur Jour 2&#8211; Les m\u00e9canismes chimiques de la peur&#8211; Les leurres&#8211; Respiration et gestion du stress&#8211; Communiquer sans violence&#8211; La coh\u00e9rence cardiaque&#8211; Agir avant le burn-out&#8211; Image et confiance en soi-m\u00eame Jour 3&#8211; Les 5 postures tib\u00e9taines&#8211; Coordination kinesth\u00e9sique&#8211; Visualisation mentale&#8211; Interview crois\u00e9es&#8211; Stress et pr\u00e9vention&#8211; Le principe des dominos&#8211; Les promesses ORGANISATION DE LA FORMATION \u00c9quipe p\u00e9dagogique Christophe ROSANVALLON&nbsp;:FORMATEUR \/ COACH \/ PR\u00c9PARATEUR MENTALSp\u00e9cialiste en management, communication, art oratoire ainsi qu\u2019en comp\u00e9tences comportementales (soft skills) telles que&nbsp;:&#8211; G\u00e9rer efficacement le stress du quotidien&#8211; G\u00e9rer son temps et ses priorit\u00e9s&#8211; Accepter de l\u00e2cher-prise&nbsp;;&#8211; Communiquer sans violence&#8211; \u00c9tablir une communication positive et constructive&#8211; Augmenter son estime de soi et son charismeIl coache r\u00e9guli\u00e8rement des personnalit\u00e9s du monde sportif et du monde politique. Moyens p\u00e9dagogiques et techniques : -Accueil des stagiaires dans une salle d\u00e9di\u00e9e \u00e0 la formation.&#8211; Expos\u00e9s th\u00e9oriques.&#8211; \u00c9tude de cas concrets.&#8211; Outil cam\u00e9ra \/media training&#8211; \u00c9changes nombreux entre les participants et avec le formateur.&#8211; Mise \u00e0 disposition de documents supports \u00e0 la suite de la formation. Dispositif de suivi de l&#8217;ex\u00e9cution de l&#8217;\u00e9valuation des r\u00e9sultats de la formation : &#8211; Feuilles de pr\u00e9sence.&#8211; Questions orales ou \u00e9crites.&#8211; Mises en situation.&#8211; Formulaires d&#8217;\u00e9valuation de la formation. Acc\u00e8s \u00e0 la formation&nbsp;: &#8211; La dur\u00e9e estim\u00e9e entre la demande et le d\u00e9but de la formation est variable entre 1 et 3 mois en fonction du profil des candidats et des modalit\u00e9s de prises en charge.&#8211; Accessible aux personnes en situation de handicap. Nous consulter pour tout am\u00e9nagement de parcours.&#8211; Les dates sont co-planifi\u00e9es avec le client. Nous consulter. Prix (nets de TVA) : &#8211; Intra\u00a0: 1200\u20ac\/jour soit 3600\u20acFrais formateur au forfait en fonction du lieu d\u2019intervention. T\u00c9L\u00c9CHARGER LA FICHE PROGRAMME<\/p>\n","protected":false},"author":1,"featured_media":711,"parent":0,"menu_order":0,"comment_status":"closed","ping_status":"closed","template":"","meta":{"footnotes":""},"class_list":["post-223","page","type-page","status-publish","has-post-thumbnail","hentry"],"_links":{"self":[{"href":"https:\/\/spiralefcc.fr\/index.php?rest_route=\/wp\/v2\/pages\/223","targetHints":{"allow":["GET"]}}],"collection":[{"href":"https:\/\/spiralefcc.fr\/index.php?rest_route=\/wp\/v2\/pages"}],"about":[{"href":"https:\/\/spiralefcc.fr\/index.php?rest_route=\/wp\/v2\/types\/page"}],"author":[{"embeddable":true,"href":"https:\/\/spiralefcc.fr\/index.php?rest_route=\/wp\/v2\/users\/1"}],"replies":[{"embeddable":true,"href":"https:\/\/spiralefcc.fr\/index.php?rest_route=%2Fwp%2Fv2%2Fcomments&post=223"}],"version-history":[{"count":11,"href":"https:\/\/spiralefcc.fr\/index.php?rest_route=\/wp\/v2\/pages\/223\/revisions"}],"predecessor-version":[{"id":985,"href":"https:\/\/spiralefcc.fr\/index.php?rest_route=\/wp\/v2\/pages\/223\/revisions\/985"}],"wp:featuredmedia":[{"embeddable":true,"href":"https:\/\/spiralefcc.fr\/index.php?rest_route=\/wp\/v2\/media\/711"}],"wp:attachment":[{"href":"https:\/\/spiralefcc.fr\/index.php?rest_route=%2Fwp%2Fv2%2Fmedia&parent=223"}],"curies":[{"name":"wp","href":"https:\/\/api.w.org\/{rel}","templated":true}]}}