{"id":335,"date":"2022-07-27T11:39:34","date_gmt":"2022-07-27T09:39:34","guid":{"rendered":"http:\/\/spiralefcc.fr\/?page_id=335"},"modified":"2025-03-22T16:25:53","modified_gmt":"2025-03-22T15:25:53","slug":"etablir-une-communication-positive-et-constructive","status":"publish","type":"page","link":"https:\/\/spiralefcc.fr\/?page_id=335","title":{"rendered":"\u00c9TABLIR UNE COMMUNICATION POSITIVE ET CONSTRUCTIVE"},"content":{"rendered":"\n<p><em><em><em>A l&#8217;issue de cette formation, le stagiaire sera capable de mettre en \u0153uvre au quotidien les m\u00e9canismes d\u2019une communication positive.<\/em><\/em><\/em><\/p>\n\n\n\n<h2 class=\"wp-block-heading\">INFORMATIONS G\u00c9N\u00c9RALES SUR LA FORMATION<\/h2>\n\n\n\n<figure class=\"wp-block-table is-style-stripes\"><table class=\"has-white-background-color has-background\"><tbody><tr><td class=\"has-text-align-center\" data-align=\"center\"><strong>Dur\u00e9e:<\/strong><br><img loading=\"lazy\" decoding=\"async\" width=\"40\" height=\"40\" class=\"wp-image-156\" style=\"width: 40px;\" src=\"http:\/\/spiralefcc.fr\/wp-content\/uploads\/2022\/06\/time-g853db0374_640.png\" alt=\"\" srcset=\"https:\/\/spiralefcc.fr\/wp-content\/uploads\/2022\/06\/time-g853db0374_640.png 640w, https:\/\/spiralefcc.fr\/wp-content\/uploads\/2022\/06\/time-g853db0374_640-300x300.png 300w, https:\/\/spiralefcc.fr\/wp-content\/uploads\/2022\/06\/time-g853db0374_640-150x150.png 150w, https:\/\/spiralefcc.fr\/wp-content\/uploads\/2022\/06\/time-g853db0374_640-100x100.png 100w\" sizes=\"auto, (max-width: 40px) 100vw, 40px\" \/><\/td><td>14 heures, soit 2  jours<\/td><\/tr><tr><td class=\"has-text-align-center\" data-align=\"center\"><strong>Profil des apprenants :<\/strong><br><img loading=\"lazy\" decoding=\"async\" width=\"60\" height=\"39\" class=\"wp-image-159\" style=\"width: 60px;\" src=\"http:\/\/spiralefcc.fr\/wp-content\/uploads\/2022\/06\/customer-g6152290f2_1920.jpg\" alt=\"\" srcset=\"https:\/\/spiralefcc.fr\/wp-content\/uploads\/2022\/06\/customer-g6152290f2_1920.jpg 1920w, https:\/\/spiralefcc.fr\/wp-content\/uploads\/2022\/06\/customer-g6152290f2_1920-300x194.jpg 300w, https:\/\/spiralefcc.fr\/wp-content\/uploads\/2022\/06\/customer-g6152290f2_1920-1024x662.jpg 1024w, https:\/\/spiralefcc.fr\/wp-content\/uploads\/2022\/06\/customer-g6152290f2_1920-768x496.jpg 768w, https:\/\/spiralefcc.fr\/wp-content\/uploads\/2022\/06\/customer-g6152290f2_1920-1536x993.jpg 1536w\" sizes=\"auto, (max-width: 60px) 100vw, 60px\" \/><\/td><td>&#8211; Toute personne d\u00e9sireuse d\u2019\u00e9tablir au quotidien une communication plus positive.<\/td><\/tr><tr><td class=\"has-text-align-center\" data-align=\"center\"><strong>Pr\u00e9requis :<\/strong><br><img loading=\"lazy\" decoding=\"async\" width=\"40\" height=\"37\" class=\"wp-image-158\" style=\"width: 40px;\" src=\"http:\/\/spiralefcc.fr\/wp-content\/uploads\/2022\/06\/puzzle-g251d3fcc6_640.png\" alt=\"\" srcset=\"https:\/\/spiralefcc.fr\/wp-content\/uploads\/2022\/06\/puzzle-g251d3fcc6_640.png 640w, https:\/\/spiralefcc.fr\/wp-content\/uploads\/2022\/06\/puzzle-g251d3fcc6_640-300x280.png 300w\" sizes=\"auto, (max-width: 40px) 100vw, 40px\" \/><\/td><td>aucun pr\u00e9requis<\/td><\/tr><tr><td class=\"has-text-align-center\" data-align=\"center\"><strong>Nombre de participants :<\/strong><br><img loading=\"lazy\" decoding=\"async\" width=\"40\" height=\"40\" class=\"wp-image-157\" style=\"width: 40px;\" src=\"http:\/\/spiralefcc.fr\/wp-content\/uploads\/2022\/06\/association-gf7069921c_1280.png\" alt=\"\" srcset=\"https:\/\/spiralefcc.fr\/wp-content\/uploads\/2022\/06\/association-gf7069921c_1280.png 1280w, https:\/\/spiralefcc.fr\/wp-content\/uploads\/2022\/06\/association-gf7069921c_1280-300x300.png 300w, https:\/\/spiralefcc.fr\/wp-content\/uploads\/2022\/06\/association-gf7069921c_1280-1024x1024.png 1024w, https:\/\/spiralefcc.fr\/wp-content\/uploads\/2022\/06\/association-gf7069921c_1280-150x150.png 150w, https:\/\/spiralefcc.fr\/wp-content\/uploads\/2022\/06\/association-gf7069921c_1280-768x768.png 768w, https:\/\/spiralefcc.fr\/wp-content\/uploads\/2022\/06\/association-gf7069921c_1280-100x100.png 100w\" sizes=\"auto, (max-width: 40px) 100vw, 40px\" \/><\/td><td>5 \u00e0 10 personnes<\/td><\/tr><\/tbody><\/table><\/figure>\n\n\n\n<hr class=\"wp-block-separator has-alpha-channel-opacity is-style-wide\"\/>\n\n\n\n<h2 class=\"wp-block-heading\">\u00c9L\u00c9MENTS P\u00c9DAGOGIQUES<\/h2>\n\n\n\n<figure class=\"wp-block-table is-style-stripes\"><table class=\"has-white-background-color has-background\"><tbody><tr><td class=\"has-text-align-center\" data-align=\"center\"><strong>Objectifs P\u00e9dagogiques<\/strong> : <br><img loading=\"lazy\" decoding=\"async\" width=\"40\" height=\"40\" class=\"wp-image-161\" style=\"width: 40px;\" src=\"http:\/\/spiralefcc.fr\/wp-content\/uploads\/2022\/06\/target-g6ab88b635_640.png\" alt=\"\" srcset=\"https:\/\/spiralefcc.fr\/wp-content\/uploads\/2022\/06\/target-g6ab88b635_640.png 640w, https:\/\/spiralefcc.fr\/wp-content\/uploads\/2022\/06\/target-g6ab88b635_640-300x300.png 300w, https:\/\/spiralefcc.fr\/wp-content\/uploads\/2022\/06\/target-g6ab88b635_640-150x150.png 150w, https:\/\/spiralefcc.fr\/wp-content\/uploads\/2022\/06\/target-g6ab88b635_640-100x100.png 100w\" sizes=\"auto, (max-width: 40px) 100vw, 40px\" \/><\/td><td>&#8211;<strong>Identifier les fondamentaux de l\u2019expression orale.<\/strong><br><strong>&#8211; Identifier les moyens pour s\u2019exprimer devant quelqu\u2019un sans stress.<\/strong><br><strong>&#8211; Appliquer la technique de la pyramide invers\u00e9e.<\/strong><br><strong>&#8211; Identifier de nouveaux moyens de perfectionner son \u00ab&nbsp;savoir-dire&nbsp;\u00bb.<\/strong><br><strong>&#8211; D\u00e9terminer les comportements assertifs \u00e0 adopter selon les situations.<\/strong><\/td><\/tr><tr><td class=\"has-text-align-center\" data-align=\"center\"><strong>Contenu de la formation : <\/strong><br><img loading=\"lazy\" decoding=\"async\" width=\"40\" height=\"60\" class=\"wp-image-162\" style=\"width: 40px;\" src=\"http:\/\/spiralefcc.fr\/wp-content\/uploads\/2022\/06\/steps-gf3f152595_1280.png\" alt=\"\" srcset=\"https:\/\/spiralefcc.fr\/wp-content\/uploads\/2022\/06\/steps-gf3f152595_1280.png 850w, https:\/\/spiralefcc.fr\/wp-content\/uploads\/2022\/06\/steps-gf3f152595_1280-199x300.png 199w, https:\/\/spiralefcc.fr\/wp-content\/uploads\/2022\/06\/steps-gf3f152595_1280-680x1024.png 680w, https:\/\/spiralefcc.fr\/wp-content\/uploads\/2022\/06\/steps-gf3f152595_1280-768x1157.png 768w\" sizes=\"auto, (max-width: 40px) 100vw, 40px\" \/><\/td><td><strong>Jour 1<\/strong><br>&#8211; S\u2019\u00e9valuer pour \u00e9voluer<br>&#8211; Les fondamentaux de l\u2019expression orale<br>&#8211; Comment mieux s\u2019exprimer devant du monde et g\u00e9rer son stress<br>&#8211; Am\u00e9liorer son esprit de synth\u00e8se<br>&#8211; Pratiquer son \u00e9loquence<br>&#8211; Le \u00ab savoir-dire \u00bb<br><br><strong>Jour 2<\/strong><br>&#8211; La gestion de son auditoire (parler devant une ou plusieurs personnes)<br>&#8211; La respiration ventrale<br>&#8211; La culture de l\u2019improvisation<br>&#8211; L\u2019assertivit\u00e9<\/td><\/tr><\/tbody><\/table><\/figure>\n\n\n\n<hr class=\"wp-block-separator has-alpha-channel-opacity is-style-wide\"\/>\n\n\n\n<h2 class=\"wp-block-heading\">ORGANISATION DE LA FORMATION<\/h2>\n\n\n\n<figure class=\"wp-block-table is-style-stripes\"><table class=\"has-white-background-color has-background\"><tbody><tr><td class=\"has-text-align-center\" data-align=\"center\"><strong>\u00c9quipe p\u00e9dagogique<\/strong><br><img decoding=\"async\" class=\"wp-image-154\" style=\"width: 100px;\" src=\"http:\/\/spiralefcc.fr\/wp-content\/uploads\/2022\/06\/HeaderV2-min.jpg\" alt=\"\"><\/td><td><strong>Christophe ROSANVALLON&nbsp;:<\/strong><br>FORMATEUR \/ COACH \/ PR\u00c9PARATEUR MENTAL<br>Sp\u00e9cialiste en management, communication, art oratoire ainsi qu\u2019en comp\u00e9tences comportementales (soft skills) telles que&nbsp;:<br>&#8211; G\u00e9rer efficacement le stress du quotidien<br>&#8211; G\u00e9rer son temps et ses priorit\u00e9s<br>&#8211; Accepter de l\u00e2cher-prise&nbsp;;<br>&#8211; Communiquer sans violence<br>&#8211; \u00c9tablir une communication positive et constructive<br>&#8211; Augmenter son estime de soi et son charisme<br>Il coache r\u00e9guli\u00e8rement des personnalit\u00e9s du monde sportif et du monde politique.<\/td><\/tr><tr><td class=\"has-text-align-center\" data-align=\"center\"><strong><strong>Moyens p\u00e9dagogiques et techniques<\/strong><\/strong> : <br><img loading=\"lazy\" decoding=\"async\" width=\"40\" height=\"40\" class=\"wp-image-166\" style=\"width: 40px;\" src=\"http:\/\/spiralefcc.fr\/wp-content\/uploads\/2022\/06\/gear-g2d3286d0a_640.png\" alt=\"\" srcset=\"https:\/\/spiralefcc.fr\/wp-content\/uploads\/2022\/06\/gear-g2d3286d0a_640.png 640w, https:\/\/spiralefcc.fr\/wp-content\/uploads\/2022\/06\/gear-g2d3286d0a_640-300x300.png 300w, https:\/\/spiralefcc.fr\/wp-content\/uploads\/2022\/06\/gear-g2d3286d0a_640-150x150.png 150w, https:\/\/spiralefcc.fr\/wp-content\/uploads\/2022\/06\/gear-g2d3286d0a_640-100x100.png 100w\" sizes=\"auto, (max-width: 40px) 100vw, 40px\" \/><\/td><td>-Accueil des stagiaires dans une salle d\u00e9di\u00e9e \u00e0 la formation.<br>&#8211; Expos\u00e9s th\u00e9oriques.<br>&#8211; \u00c9tude de cas concrets.<br>&#8211; Outil cam\u00e9ra \/media training<br>&#8211; \u00c9changes nombreux entre les participants et avec le formateur.<br>&#8211; Mise \u00e0 disposition de documents supports \u00e0 la suite de la formation.<\/td><\/tr><tr><td class=\"has-text-align-center\" data-align=\"center\"><strong>Dispositif de suivi de l&#8217;ex\u00e9cution de l&#8217;\u00e9valuation des r\u00e9sultats de la formation<\/strong> : <br><img loading=\"lazy\" decoding=\"async\" width=\"40\" height=\"40\" class=\"wp-image-163\" style=\"width: 40px;\" src=\"http:\/\/spiralefcc.fr\/wp-content\/uploads\/2022\/06\/list-g6835e516b_1280.png\" alt=\"\" srcset=\"https:\/\/spiralefcc.fr\/wp-content\/uploads\/2022\/06\/list-g6835e516b_1280.png 1280w, https:\/\/spiralefcc.fr\/wp-content\/uploads\/2022\/06\/list-g6835e516b_1280-300x300.png 300w, https:\/\/spiralefcc.fr\/wp-content\/uploads\/2022\/06\/list-g6835e516b_1280-1024x1024.png 1024w, https:\/\/spiralefcc.fr\/wp-content\/uploads\/2022\/06\/list-g6835e516b_1280-150x150.png 150w, https:\/\/spiralefcc.fr\/wp-content\/uploads\/2022\/06\/list-g6835e516b_1280-768x768.png 768w, https:\/\/spiralefcc.fr\/wp-content\/uploads\/2022\/06\/list-g6835e516b_1280-100x100.png 100w\" sizes=\"auto, (max-width: 40px) 100vw, 40px\" \/><\/td><td>&#8211; Feuilles de pr\u00e9sence.<br>&#8211; Questions orales ou \u00e9crites (QCM).<br>&#8211; Mises en situation.<br>&#8211; Formulaires d&#8217;\u00e9valuation de la formation.<\/td><\/tr><tr><td class=\"has-text-align-center\" data-align=\"center\"><strong>Acc\u00e8s \u00e0 la formation&nbsp;:<\/strong><br><img loading=\"lazy\" decoding=\"async\" width=\"40\" height=\"33\" class=\"wp-image-167\" style=\"width: 40px;\" src=\"http:\/\/spiralefcc.fr\/wp-content\/uploads\/2022\/06\/accept-gebcebbdc3_1280.png\" alt=\"\" srcset=\"https:\/\/spiralefcc.fr\/wp-content\/uploads\/2022\/06\/accept-gebcebbdc3_1280.png 1280w, https:\/\/spiralefcc.fr\/wp-content\/uploads\/2022\/06\/accept-gebcebbdc3_1280-300x251.png 300w, https:\/\/spiralefcc.fr\/wp-content\/uploads\/2022\/06\/accept-gebcebbdc3_1280-1024x857.png 1024w, https:\/\/spiralefcc.fr\/wp-content\/uploads\/2022\/06\/accept-gebcebbdc3_1280-768x643.png 768w\" sizes=\"auto, (max-width: 40px) 100vw, 40px\" \/><\/td><td>&#8211; La dur\u00e9e estim\u00e9e entre la demande et le d\u00e9but de la formation est variable entre 1 et 3 mois en fonction du profil des candidats et des modalit\u00e9s de prises en charge.<br>&#8211; Accessible aux personnes en situation de handicap. <em>Nous consulter pour tout am\u00e9nagement de parcours.<\/em><br>&#8211; <em>Les dates sont co-planifi\u00e9es avec le client. Nous consulter.<\/em><\/td><\/tr><tr><td class=\"has-text-align-center\" data-align=\"center\"><strong>Prix (nets de TVA) <\/strong>: <br><img loading=\"lazy\" decoding=\"async\" width=\"40\" height=\"40\" class=\"wp-image-180\" style=\"width: 40px;\" src=\"http:\/\/spiralefcc.fr\/wp-content\/uploads\/2022\/06\/euro-gadeceda12_640.png\" alt=\"\" srcset=\"https:\/\/spiralefcc.fr\/wp-content\/uploads\/2022\/06\/euro-gadeceda12_640.png 640w, https:\/\/spiralefcc.fr\/wp-content\/uploads\/2022\/06\/euro-gadeceda12_640-300x300.png 300w, https:\/\/spiralefcc.fr\/wp-content\/uploads\/2022\/06\/euro-gadeceda12_640-150x150.png 150w, https:\/\/spiralefcc.fr\/wp-content\/uploads\/2022\/06\/euro-gadeceda12_640-100x100.png 100w\" sizes=\"auto, (max-width: 40px) 100vw, 40px\" \/><\/td><td>&#8211; <strong>Intra\u00a0:<\/strong> 1200\u20ac\/jour soit <strong>2400\u20ac<\/strong><br>Frais formateur au forfait en fonction du lieu d\u2019intervention.<\/td><\/tr><\/tbody><\/table><\/figure>\n\n\n\n<hr class=\"wp-block-separator has-alpha-channel-opacity is-style-wide\"\/>\n\n\n\n<h2 class=\"wp-block-heading\">T\u00c9L\u00c9CHARGER LA FICHE PROGRAMME<\/h2>\n\n\n\n<p><\/p>\n\n\n\n<div data-wp-interactive=\"core\/file\" class=\"wp-block-file\"><object data-wp-bind--hidden=\"!state.hasPdfPreview\" hidden class=\"wp-block-file__embed\" data=\"https:\/\/spiralefcc.fr\/wp-content\/uploads\/2025\/03\/PROG005.2_etablir-une-comm-positive-indiv.pdf\" type=\"application\/pdf\" style=\"width:100%;height:600px\" aria-label=\"Embed of PROG005.2_\u00e9tablir une comm positive indiv.\"><\/object><a id=\"wp-block-file--media-1cc0cb54-ba95-42be-8de2-c3eb6da1c1cd\" href=\"https:\/\/spiralefcc.fr\/wp-content\/uploads\/2025\/03\/PROG005.2_etablir-une-comm-positive-indiv.pdf\">PROG005.2_\u00e9tablir une comm positive indiv<\/a><a href=\"https:\/\/spiralefcc.fr\/wp-content\/uploads\/2025\/03\/PROG005.2_etablir-une-comm-positive-indiv.pdf\" class=\"wp-block-file__button wp-element-button\" download aria-describedby=\"wp-block-file--media-1cc0cb54-ba95-42be-8de2-c3eb6da1c1cd\">T\u00e9l\u00e9charger<\/a><\/div>\n","protected":false},"excerpt":{"rendered":"<p>A l&#8217;issue de cette formation, le stagiaire sera capable de mettre en \u0153uvre au quotidien les m\u00e9canismes d\u2019une communication positive. INFORMATIONS G\u00c9N\u00c9RALES SUR LA FORMATION Dur\u00e9e: 14 heures, soit 2 jours Profil des apprenants : &#8211; Toute personne d\u00e9sireuse d\u2019\u00e9tablir au quotidien une communication plus positive. Pr\u00e9requis : aucun pr\u00e9requis Nombre de participants : 5 \u00e0 10 personnes \u00c9L\u00c9MENTS P\u00c9DAGOGIQUES Objectifs P\u00e9dagogiques : &#8211;Identifier les fondamentaux de l\u2019expression orale.&#8211; Identifier les moyens pour s\u2019exprimer devant quelqu\u2019un sans stress.&#8211; Appliquer la technique de la pyramide invers\u00e9e.&#8211; Identifier de nouveaux moyens de perfectionner son \u00ab&nbsp;savoir-dire&nbsp;\u00bb.&#8211; D\u00e9terminer les comportements assertifs \u00e0 adopter selon les situations. Contenu de la formation : Jour 1&#8211; S\u2019\u00e9valuer pour \u00e9voluer&#8211; Les fondamentaux de l\u2019expression orale&#8211; Comment mieux s\u2019exprimer devant du monde et g\u00e9rer son stress&#8211; Am\u00e9liorer son esprit de synth\u00e8se&#8211; Pratiquer son \u00e9loquence&#8211; Le \u00ab savoir-dire \u00bb Jour 2&#8211; La gestion de son auditoire (parler devant une ou plusieurs personnes)&#8211; La respiration ventrale&#8211; La culture de l\u2019improvisation&#8211; L\u2019assertivit\u00e9 ORGANISATION DE LA FORMATION \u00c9quipe p\u00e9dagogique Christophe ROSANVALLON&nbsp;:FORMATEUR \/ COACH \/ PR\u00c9PARATEUR MENTALSp\u00e9cialiste en management, communication, art oratoire ainsi qu\u2019en comp\u00e9tences comportementales (soft skills) telles que&nbsp;:&#8211; G\u00e9rer efficacement le stress du quotidien&#8211; G\u00e9rer son temps et ses priorit\u00e9s&#8211; Accepter de l\u00e2cher-prise&nbsp;;&#8211; Communiquer sans violence&#8211; \u00c9tablir une communication positive et constructive&#8211; Augmenter son estime de soi et son charismeIl coache r\u00e9guli\u00e8rement des personnalit\u00e9s du monde sportif et du monde politique. Moyens p\u00e9dagogiques et techniques : -Accueil des stagiaires dans une salle d\u00e9di\u00e9e \u00e0 la formation.&#8211; Expos\u00e9s th\u00e9oriques.&#8211; \u00c9tude de cas concrets.&#8211; Outil cam\u00e9ra \/media training&#8211; \u00c9changes nombreux entre les participants et avec le formateur.&#8211; Mise \u00e0 disposition de documents supports \u00e0 la suite de la formation. Dispositif de suivi de l&#8217;ex\u00e9cution de l&#8217;\u00e9valuation des r\u00e9sultats de la formation : &#8211; Feuilles de pr\u00e9sence.&#8211; Questions orales ou \u00e9crites (QCM).&#8211; Mises en situation.&#8211; Formulaires d&#8217;\u00e9valuation de la formation. Acc\u00e8s \u00e0 la formation&nbsp;: &#8211; La dur\u00e9e estim\u00e9e entre la demande et le d\u00e9but de la formation est variable entre 1 et 3 mois en fonction du profil des candidats et des modalit\u00e9s de prises en charge.&#8211; Accessible aux personnes en situation de handicap. Nous consulter pour tout am\u00e9nagement de parcours.&#8211; Les dates sont co-planifi\u00e9es avec le client. Nous consulter. Prix (nets de TVA) : &#8211; Intra\u00a0: 1200\u20ac\/jour soit 2400\u20acFrais formateur au forfait en fonction du lieu d\u2019intervention. T\u00c9L\u00c9CHARGER LA FICHE PROGRAMME<\/p>\n","protected":false},"author":1,"featured_media":336,"parent":0,"menu_order":0,"comment_status":"closed","ping_status":"closed","template":"","meta":{"footnotes":""},"class_list":["post-335","page","type-page","status-publish","has-post-thumbnail","hentry"],"_links":{"self":[{"href":"https:\/\/spiralefcc.fr\/index.php?rest_route=\/wp\/v2\/pages\/335","targetHints":{"allow":["GET"]}}],"collection":[{"href":"https:\/\/spiralefcc.fr\/index.php?rest_route=\/wp\/v2\/pages"}],"about":[{"href":"https:\/\/spiralefcc.fr\/index.php?rest_route=\/wp\/v2\/types\/page"}],"author":[{"embeddable":true,"href":"https:\/\/spiralefcc.fr\/index.php?rest_route=\/wp\/v2\/users\/1"}],"replies":[{"embeddable":true,"href":"https:\/\/spiralefcc.fr\/index.php?rest_route=%2Fwp%2Fv2%2Fcomments&post=335"}],"version-history":[{"count":11,"href":"https:\/\/spiralefcc.fr\/index.php?rest_route=\/wp\/v2\/pages\/335\/revisions"}],"predecessor-version":[{"id":971,"href":"https:\/\/spiralefcc.fr\/index.php?rest_route=\/wp\/v2\/pages\/335\/revisions\/971"}],"wp:featuredmedia":[{"embeddable":true,"href":"https:\/\/spiralefcc.fr\/index.php?rest_route=\/wp\/v2\/media\/336"}],"wp:attachment":[{"href":"https:\/\/spiralefcc.fr\/index.php?rest_route=%2Fwp%2Fv2%2Fmedia&parent=335"}],"curies":[{"name":"wp","href":"https:\/\/api.w.org\/{rel}","templated":true}]}}