{"id":418,"date":"2022-10-07T09:54:17","date_gmt":"2022-10-07T07:54:17","guid":{"rendered":"http:\/\/spiralefcc.fr\/?page_id=418"},"modified":"2025-03-22T16:29:34","modified_gmt":"2025-03-22T15:29:34","slug":"ameliorer-lexperience-client-des-stagiaires","status":"publish","type":"page","link":"https:\/\/spiralefcc.fr\/?page_id=418","title":{"rendered":"FORMATEUR 2 : AM\u00c9LIORER \u00ab\u00a0L\u2019EXP\u00c9RIENCE CLIENT\u00a0\u00bb DES STAGIAIRES"},"content":{"rendered":"\n<p><em>&nbsp;<em>A l&#8217;issue de cette formation, le stagiaire sera capable d\u2019adapter sa pratique et ses documents pour proposer aux stagiaires la meilleure exp\u00e9rience d\u2019apprentissage possible.<\/em><\/em><\/p>\n\n\n\n<h2 class=\"wp-block-heading\">INFORMATIONS G\u00c9N\u00c9RALES SUR LA FORMATION<\/h2>\n\n\n\n<figure class=\"wp-block-table is-style-stripes\"><table class=\"has-white-background-color has-background\"><tbody><tr><td class=\"has-text-align-center\" data-align=\"center\"><strong>Dur\u00e9e:<\/strong><br><img loading=\"lazy\" decoding=\"async\" width=\"40\" height=\"40\" class=\"wp-image-156\" style=\"width: 40px;\" src=\"http:\/\/spiralefcc.fr\/wp-content\/uploads\/2022\/06\/time-g853db0374_640.png\" alt=\"\" srcset=\"https:\/\/spiralefcc.fr\/wp-content\/uploads\/2022\/06\/time-g853db0374_640.png 640w, https:\/\/spiralefcc.fr\/wp-content\/uploads\/2022\/06\/time-g853db0374_640-300x300.png 300w, https:\/\/spiralefcc.fr\/wp-content\/uploads\/2022\/06\/time-g853db0374_640-150x150.png 150w, https:\/\/spiralefcc.fr\/wp-content\/uploads\/2022\/06\/time-g853db0374_640-100x100.png 100w\" sizes=\"auto, (max-width: 40px) 100vw, 40px\" \/><\/td><td>14 heures, soit 2  jours<\/td><\/tr><tr><td class=\"has-text-align-center\" data-align=\"center\"><strong>Profil des apprenants :<\/strong><br><img loading=\"lazy\" decoding=\"async\" width=\"60\" height=\"39\" class=\"wp-image-159\" style=\"width: 60px;\" src=\"http:\/\/spiralefcc.fr\/wp-content\/uploads\/2022\/06\/customer-g6152290f2_1920.jpg\" alt=\"\" srcset=\"https:\/\/spiralefcc.fr\/wp-content\/uploads\/2022\/06\/customer-g6152290f2_1920.jpg 1920w, https:\/\/spiralefcc.fr\/wp-content\/uploads\/2022\/06\/customer-g6152290f2_1920-300x194.jpg 300w, https:\/\/spiralefcc.fr\/wp-content\/uploads\/2022\/06\/customer-g6152290f2_1920-1024x662.jpg 1024w, https:\/\/spiralefcc.fr\/wp-content\/uploads\/2022\/06\/customer-g6152290f2_1920-768x496.jpg 768w, https:\/\/spiralefcc.fr\/wp-content\/uploads\/2022\/06\/customer-g6152290f2_1920-1536x993.jpg 1536w\" sizes=\"auto, (max-width: 60px) 100vw, 60px\" \/><\/td><td>Formateurs pour adultes ind\u00e9pendants ou salari\u00e9s au sein d\u2019un organisme de formation.<\/td><\/tr><tr><td class=\"has-text-align-center\" data-align=\"center\"><strong>Pr\u00e9requis :<\/strong><br><img loading=\"lazy\" decoding=\"async\" width=\"40\" height=\"37\" class=\"wp-image-158\" style=\"width: 40px;\" src=\"http:\/\/spiralefcc.fr\/wp-content\/uploads\/2022\/06\/puzzle-g251d3fcc6_640.png\" alt=\"\" srcset=\"https:\/\/spiralefcc.fr\/wp-content\/uploads\/2022\/06\/puzzle-g251d3fcc6_640.png 640w, https:\/\/spiralefcc.fr\/wp-content\/uploads\/2022\/06\/puzzle-g251d3fcc6_640-300x280.png 300w\" sizes=\"auto, (max-width: 40px) 100vw, 40px\" \/><\/td><td>&#8211; Avoir d\u00e9j\u00e0 anim\u00e9 des s\u00e9ances de formation pour adultes<br>&#8211; OU avoir suivi la formation \u00ab\u00a0FORMATEUR 1\u00a0: CONCEVOIR UNE ACTION DE FORMATION COLLECTIVE\u00a0\u00bb<br>&#8211; OU avoir un projet de co-animation de formation avec un formateur d\u00e9j\u00e0 exp\u00e9riment\u00e9.<\/td><\/tr><tr><td class=\"has-text-align-center\" data-align=\"center\"><strong>Nombre de participants :<\/strong><br><img loading=\"lazy\" decoding=\"async\" width=\"40\" height=\"40\" class=\"wp-image-157\" style=\"width: 40px;\" src=\"http:\/\/spiralefcc.fr\/wp-content\/uploads\/2022\/06\/association-gf7069921c_1280.png\" alt=\"\" srcset=\"https:\/\/spiralefcc.fr\/wp-content\/uploads\/2022\/06\/association-gf7069921c_1280.png 1280w, https:\/\/spiralefcc.fr\/wp-content\/uploads\/2022\/06\/association-gf7069921c_1280-300x300.png 300w, https:\/\/spiralefcc.fr\/wp-content\/uploads\/2022\/06\/association-gf7069921c_1280-1024x1024.png 1024w, https:\/\/spiralefcc.fr\/wp-content\/uploads\/2022\/06\/association-gf7069921c_1280-150x150.png 150w, https:\/\/spiralefcc.fr\/wp-content\/uploads\/2022\/06\/association-gf7069921c_1280-768x768.png 768w, https:\/\/spiralefcc.fr\/wp-content\/uploads\/2022\/06\/association-gf7069921c_1280-100x100.png 100w\" sizes=\"auto, (max-width: 40px) 100vw, 40px\" \/><\/td><td>&#8211; Formation individuelle <\/td><\/tr><\/tbody><\/table><\/figure>\n\n\n\n<hr class=\"wp-block-separator has-alpha-channel-opacity is-style-wide\"\/>\n\n\n\n<h2 class=\"wp-block-heading\">\u00c9L\u00c9MENTS P\u00c9DAGOGIQUES<\/h2>\n\n\n\n<figure class=\"wp-block-table is-style-stripes\"><table class=\"has-white-background-color has-background\"><tbody><tr><td class=\"has-text-align-center\" data-align=\"center\"><strong>Objectifs P\u00e9dagogiques<\/strong> : <br><img loading=\"lazy\" decoding=\"async\" width=\"40\" height=\"40\" class=\"wp-image-161\" style=\"width: 40px;\" src=\"http:\/\/spiralefcc.fr\/wp-content\/uploads\/2022\/06\/target-g6ab88b635_640.png\" alt=\"\" srcset=\"https:\/\/spiralefcc.fr\/wp-content\/uploads\/2022\/06\/target-g6ab88b635_640.png 640w, https:\/\/spiralefcc.fr\/wp-content\/uploads\/2022\/06\/target-g6ab88b635_640-300x300.png 300w, https:\/\/spiralefcc.fr\/wp-content\/uploads\/2022\/06\/target-g6ab88b635_640-150x150.png 150w, https:\/\/spiralefcc.fr\/wp-content\/uploads\/2022\/06\/target-g6ab88b635_640-100x100.png 100w\" sizes=\"auto, (max-width: 40px) 100vw, 40px\" \/><\/td><td>&#8211; D\u00e9finir les termes \u00e0 connaitre en termes de formation des adultes.<br>&#8211; Construire un d\u00e9roul\u00e9 p\u00e9dagogique qui prennent en compte les diff\u00e9rents profils de compr\u00e9hension.<br>&#8211; D\u00e9velopper une posture d\u2019accueil bienveillante&nbsp;et p\u00e9dagogiquement pertinente.<br>&#8211; Lister les \u00e9tapes \u00e0 suivre lors du lancement de sa formation.<br>&#8211; D\u00e9terminer quels sont les apports des p\u00e9dagogies \u00ab&nbsp;nouvelles&nbsp;\u00bb utiles lors de l\u2019animation d\u2019une formation.<br>&#8211; Conclure sa formation d\u2019une mani\u00e8re conviviale.<\/td><\/tr><tr><td class=\"has-text-align-center\" data-align=\"center\"><strong>Contenu de la formation : <\/strong><br><img loading=\"lazy\" decoding=\"async\" width=\"40\" height=\"60\" class=\"wp-image-162\" style=\"width: 40px;\" src=\"http:\/\/spiralefcc.fr\/wp-content\/uploads\/2022\/06\/steps-gf3f152595_1280.png\" alt=\"\" srcset=\"https:\/\/spiralefcc.fr\/wp-content\/uploads\/2022\/06\/steps-gf3f152595_1280.png 850w, https:\/\/spiralefcc.fr\/wp-content\/uploads\/2022\/06\/steps-gf3f152595_1280-199x300.png 199w, https:\/\/spiralefcc.fr\/wp-content\/uploads\/2022\/06\/steps-gf3f152595_1280-680x1024.png 680w, https:\/\/spiralefcc.fr\/wp-content\/uploads\/2022\/06\/steps-gf3f152595_1280-768x1157.png 768w\" sizes=\"auto, (max-width: 40px) 100vw, 40px\" \/><\/td><td><strong>Jour 1<\/strong><br>&#8211; Quelques d\u00e9finitions utiles<br>&#8211; Prendre en compte les profils de compr\u00e9hension dans  l\u2019\u00e9laboration de son d\u00e9roul\u00e9 p\u00e9dagogique<br>&#8211; L\u2019accueil des stagiaires<br>&#8211; Bien d\u00e9buter sa formation<br><br><strong>Jour 2<\/strong><br>&#8211; Les apports des p\u00e9dagogies \u00ab&nbsp;nouvelles&nbsp;\u00bb dans l\u2019animation de sa formation<br>&#8211; Conclure sa formation&nbsp;: entre convivialit\u00e9 et obligations administratives<\/td><\/tr><\/tbody><\/table><\/figure>\n\n\n\n<hr class=\"wp-block-separator has-alpha-channel-opacity is-style-wide\"\/>\n\n\n\n<h2 class=\"wp-block-heading\">ORGANISATION DE LA FORMATION<\/h2>\n\n\n\n<figure class=\"wp-block-table is-style-stripes\"><table class=\"has-white-background-color has-background\"><tbody><tr><td class=\"has-text-align-center\" data-align=\"center\"><strong>\u00c9quipe p\u00e9dagogique<\/strong><br><img decoding=\"async\" class=\"wp-image-289\" style=\"width: 60px;\" src=\"http:\/\/spiralefcc.fr\/wp-content\/uploads\/2022\/06\/Diane.png\" alt=\"\"><\/td><td><strong>Diane VANTALON-MENDEZ :<\/strong><br>FORMATRICE \/RESPONSABLE P\u00c9DAGOGIQUE<br>&#8211; Fondatrice de Spirale FCC. Sp\u00e9cialiste en ing\u00e9nierie de formation.<br>&#8211; D\u00e9tentrice du Titre Professionnel de Formateur Professionnel d\u2019Adultes.<br>&#8211; Conseill\u00e8re en Ing\u00e9nierie de Formation certifi\u00e9e.<br>&#8211; A permis \u00e0 plusieurs organismes de formation d\u2019obtenir leur certification Qualiopi.<br>&#8211; Accompagne des formateurs ind\u00e9pendants dans l\u2019\u00e9laboration de leurs outils p\u00e9dagogiques.<br>&#8211; Con\u00e7oit, anime et co-anime des sessions de formation.<\/td><\/tr><tr><td class=\"has-text-align-center\" data-align=\"center\"><strong><strong>Moyens p\u00e9dagogiques et techniques<\/strong><\/strong> : <br><img loading=\"lazy\" decoding=\"async\" width=\"40\" height=\"40\" class=\"wp-image-166\" style=\"width: 40px;\" src=\"http:\/\/spiralefcc.fr\/wp-content\/uploads\/2022\/06\/gear-g2d3286d0a_640.png\" alt=\"\" srcset=\"https:\/\/spiralefcc.fr\/wp-content\/uploads\/2022\/06\/gear-g2d3286d0a_640.png 640w, https:\/\/spiralefcc.fr\/wp-content\/uploads\/2022\/06\/gear-g2d3286d0a_640-300x300.png 300w, https:\/\/spiralefcc.fr\/wp-content\/uploads\/2022\/06\/gear-g2d3286d0a_640-150x150.png 150w, https:\/\/spiralefcc.fr\/wp-content\/uploads\/2022\/06\/gear-g2d3286d0a_640-100x100.png 100w\" sizes=\"auto, (max-width: 40px) 100vw, 40px\" \/><\/td><td>-Accueil du stagiaire dans une salle d\u00e9di\u00e9e \u00e0 la formation.<br>&#8211; Expos\u00e9s th\u00e9oriques.<br>&#8211; \u00c9tude de cas concrets.<br>&#8211; \u00c9changes nombreux entre le participant et la formatrice.<br>&#8211; Mise \u00e0 disposition de documents supports \u00e0 la suite de la formation.<\/td><\/tr><tr><td class=\"has-text-align-center\" data-align=\"center\"><strong>Dispositif de suivi de l&#8217;ex\u00e9cution de l&#8217;\u00e9valuation des r\u00e9sultats de la formation<\/strong> : <br><img loading=\"lazy\" decoding=\"async\" width=\"40\" height=\"40\" class=\"wp-image-163\" style=\"width: 40px;\" src=\"http:\/\/spiralefcc.fr\/wp-content\/uploads\/2022\/06\/list-g6835e516b_1280.png\" alt=\"\" srcset=\"https:\/\/spiralefcc.fr\/wp-content\/uploads\/2022\/06\/list-g6835e516b_1280.png 1280w, https:\/\/spiralefcc.fr\/wp-content\/uploads\/2022\/06\/list-g6835e516b_1280-300x300.png 300w, https:\/\/spiralefcc.fr\/wp-content\/uploads\/2022\/06\/list-g6835e516b_1280-1024x1024.png 1024w, https:\/\/spiralefcc.fr\/wp-content\/uploads\/2022\/06\/list-g6835e516b_1280-150x150.png 150w, https:\/\/spiralefcc.fr\/wp-content\/uploads\/2022\/06\/list-g6835e516b_1280-768x768.png 768w, https:\/\/spiralefcc.fr\/wp-content\/uploads\/2022\/06\/list-g6835e516b_1280-100x100.png 100w\" sizes=\"auto, (max-width: 40px) 100vw, 40px\" \/><\/td><td>&#8211; Feuilles de pr\u00e9sence.<br>&#8211; Questions orales ou \u00e9crites.<br>&#8211; Mises en situation.<br>&#8211; Formulaires d&#8217;\u00e9valuation de la formation.<\/td><\/tr><tr><td class=\"has-text-align-center\" data-align=\"center\"><strong>Acc\u00e8s \u00e0 la formation&nbsp;:<\/strong><br><img loading=\"lazy\" decoding=\"async\" width=\"40\" height=\"33\" class=\"wp-image-167\" style=\"width: 40px;\" src=\"http:\/\/spiralefcc.fr\/wp-content\/uploads\/2022\/06\/accept-gebcebbdc3_1280.png\" alt=\"\" srcset=\"https:\/\/spiralefcc.fr\/wp-content\/uploads\/2022\/06\/accept-gebcebbdc3_1280.png 1280w, https:\/\/spiralefcc.fr\/wp-content\/uploads\/2022\/06\/accept-gebcebbdc3_1280-300x251.png 300w, https:\/\/spiralefcc.fr\/wp-content\/uploads\/2022\/06\/accept-gebcebbdc3_1280-1024x857.png 1024w, https:\/\/spiralefcc.fr\/wp-content\/uploads\/2022\/06\/accept-gebcebbdc3_1280-768x643.png 768w\" sizes=\"auto, (max-width: 40px) 100vw, 40px\" \/><\/td><td>&#8211; La dur\u00e9e estim\u00e9e entre la demande et le d\u00e9but de la formation est variable entre 1 et 3 mois en fonction du profil des candidats et des modalit\u00e9s de prises en charge.<br>&#8211; Accessible aux personnes en situation de handicap. <em>Nous consulter pour tout am\u00e9nagement de parcours.<\/em><br>&#8211; <em>Les dates sont co-planifi\u00e9es avec le client. Nous consulter.<\/em><\/td><\/tr><tr><td class=\"has-text-align-center\" data-align=\"center\"><strong>Prix (nets de TVA) <\/strong>: <br><img loading=\"lazy\" decoding=\"async\" width=\"40\" height=\"40\" class=\"wp-image-180\" style=\"width: 40px;\" src=\"http:\/\/spiralefcc.fr\/wp-content\/uploads\/2022\/06\/euro-gadeceda12_640.png\" alt=\"\" srcset=\"https:\/\/spiralefcc.fr\/wp-content\/uploads\/2022\/06\/euro-gadeceda12_640.png 640w, https:\/\/spiralefcc.fr\/wp-content\/uploads\/2022\/06\/euro-gadeceda12_640-300x300.png 300w, https:\/\/spiralefcc.fr\/wp-content\/uploads\/2022\/06\/euro-gadeceda12_640-150x150.png 150w, https:\/\/spiralefcc.fr\/wp-content\/uploads\/2022\/06\/euro-gadeceda12_640-100x100.png 100w\" sizes=\"auto, (max-width: 40px) 100vw, 40px\" \/><\/td><td>&#8211; 600\u20ac\/jour, soit <strong>1200<\/strong>\u20ac<br>&#8211; Frais formateur au forfait en fonction du lieu d\u2019interventio<strong>n <\/strong><\/td><\/tr><\/tbody><\/table><\/figure>\n\n\n\n<hr class=\"wp-block-separator has-alpha-channel-opacity is-style-wide\"\/>\n\n\n\n<h2 class=\"wp-block-heading\">T\u00c9L\u00c9CHARGER LA FICHE PROGRAMME<\/h2>\n\n\n\n<p><\/p>\n\n\n\n<div data-wp-interactive=\"core\/file\" class=\"wp-block-file\"><object data-wp-bind--hidden=\"!state.hasPdfPreview\" hidden class=\"wp-block-file__embed\" data=\"https:\/\/spiralefcc.fr\/wp-content\/uploads\/2025\/03\/PROG012-_Formateur-2-ameliorer-experience-client.pdf\" type=\"application\/pdf\" style=\"width:100%;height:600px\" aria-label=\"Embed of PROG012-_Formateur 2 am\u00e9liorer exp\u00e9rience client.\"><\/object><a id=\"wp-block-file--media-392a0d29-cf78-4b06-be3c-057228c14a5b\" href=\"https:\/\/spiralefcc.fr\/wp-content\/uploads\/2025\/03\/PROG012-_Formateur-2-ameliorer-experience-client.pdf\">PROG012-_Formateur 2 am\u00e9liorer exp\u00e9rience client<\/a><a href=\"https:\/\/spiralefcc.fr\/wp-content\/uploads\/2025\/03\/PROG012-_Formateur-2-ameliorer-experience-client.pdf\" class=\"wp-block-file__button wp-element-button\" download aria-describedby=\"wp-block-file--media-392a0d29-cf78-4b06-be3c-057228c14a5b\">T\u00e9l\u00e9charger<\/a><\/div>\n","protected":false},"excerpt":{"rendered":"<p>&nbsp;A l&#8217;issue de cette formation, le stagiaire sera capable d\u2019adapter sa pratique et ses documents pour proposer aux stagiaires la meilleure exp\u00e9rience d\u2019apprentissage possible. INFORMATIONS G\u00c9N\u00c9RALES SUR LA FORMATION Dur\u00e9e: 14 heures, soit 2 jours Profil des apprenants : Formateurs pour adultes ind\u00e9pendants ou salari\u00e9s au sein d\u2019un organisme de formation. Pr\u00e9requis : &#8211; Avoir d\u00e9j\u00e0 anim\u00e9 des s\u00e9ances de formation pour adultes&#8211; OU avoir suivi la formation \u00ab\u00a0FORMATEUR 1\u00a0: CONCEVOIR UNE ACTION DE FORMATION COLLECTIVE\u00a0\u00bb&#8211; OU avoir un projet de co-animation de formation avec un formateur d\u00e9j\u00e0 exp\u00e9riment\u00e9. Nombre de participants : &#8211; Formation individuelle \u00c9L\u00c9MENTS P\u00c9DAGOGIQUES Objectifs P\u00e9dagogiques : &#8211; D\u00e9finir les termes \u00e0 connaitre en termes de formation des adultes.&#8211; Construire un d\u00e9roul\u00e9 p\u00e9dagogique qui prennent en compte les diff\u00e9rents profils de compr\u00e9hension.&#8211; D\u00e9velopper une posture d\u2019accueil bienveillante&nbsp;et p\u00e9dagogiquement pertinente.&#8211; Lister les \u00e9tapes \u00e0 suivre lors du lancement de sa formation.&#8211; D\u00e9terminer quels sont les apports des p\u00e9dagogies \u00ab&nbsp;nouvelles&nbsp;\u00bb utiles lors de l\u2019animation d\u2019une formation.&#8211; Conclure sa formation d\u2019une mani\u00e8re conviviale. Contenu de la formation : Jour 1&#8211; Quelques d\u00e9finitions utiles&#8211; Prendre en compte les profils de compr\u00e9hension dans l\u2019\u00e9laboration de son d\u00e9roul\u00e9 p\u00e9dagogique&#8211; L\u2019accueil des stagiaires&#8211; Bien d\u00e9buter sa formation Jour 2&#8211; Les apports des p\u00e9dagogies \u00ab&nbsp;nouvelles&nbsp;\u00bb dans l\u2019animation de sa formation&#8211; Conclure sa formation&nbsp;: entre convivialit\u00e9 et obligations administratives ORGANISATION DE LA FORMATION \u00c9quipe p\u00e9dagogique Diane VANTALON-MENDEZ :FORMATRICE \/RESPONSABLE P\u00c9DAGOGIQUE&#8211; Fondatrice de Spirale FCC. Sp\u00e9cialiste en ing\u00e9nierie de formation.&#8211; D\u00e9tentrice du Titre Professionnel de Formateur Professionnel d\u2019Adultes.&#8211; Conseill\u00e8re en Ing\u00e9nierie de Formation certifi\u00e9e.&#8211; A permis \u00e0 plusieurs organismes de formation d\u2019obtenir leur certification Qualiopi.&#8211; Accompagne des formateurs ind\u00e9pendants dans l\u2019\u00e9laboration de leurs outils p\u00e9dagogiques.&#8211; Con\u00e7oit, anime et co-anime des sessions de formation. Moyens p\u00e9dagogiques et techniques : -Accueil du stagiaire dans une salle d\u00e9di\u00e9e \u00e0 la formation.&#8211; Expos\u00e9s th\u00e9oriques.&#8211; \u00c9tude de cas concrets.&#8211; \u00c9changes nombreux entre le participant et la formatrice.&#8211; Mise \u00e0 disposition de documents supports \u00e0 la suite de la formation. Dispositif de suivi de l&#8217;ex\u00e9cution de l&#8217;\u00e9valuation des r\u00e9sultats de la formation : &#8211; Feuilles de pr\u00e9sence.&#8211; Questions orales ou \u00e9crites.&#8211; Mises en situation.&#8211; Formulaires d&#8217;\u00e9valuation de la formation. Acc\u00e8s \u00e0 la formation&nbsp;: &#8211; La dur\u00e9e estim\u00e9e entre la demande et le d\u00e9but de la formation est variable entre 1 et 3 mois en fonction du profil des candidats et des modalit\u00e9s de prises en charge.&#8211; Accessible aux personnes en situation de handicap. Nous consulter pour tout am\u00e9nagement de parcours.&#8211; Les dates sont co-planifi\u00e9es avec le client. Nous consulter. Prix (nets de TVA) : &#8211; 600\u20ac\/jour, soit 1200\u20ac&#8211; Frais formateur au forfait en fonction du lieu d\u2019intervention T\u00c9L\u00c9CHARGER LA FICHE PROGRAMME<\/p>\n","protected":false},"author":1,"featured_media":421,"parent":0,"menu_order":0,"comment_status":"closed","ping_status":"closed","template":"","meta":{"footnotes":""},"class_list":["post-418","page","type-page","status-publish","has-post-thumbnail","hentry"],"_links":{"self":[{"href":"https:\/\/spiralefcc.fr\/index.php?rest_route=\/wp\/v2\/pages\/418","targetHints":{"allow":["GET"]}}],"collection":[{"href":"https:\/\/spiralefcc.fr\/index.php?rest_route=\/wp\/v2\/pages"}],"about":[{"href":"https:\/\/spiralefcc.fr\/index.php?rest_route=\/wp\/v2\/types\/page"}],"author":[{"embeddable":true,"href":"https:\/\/spiralefcc.fr\/index.php?rest_route=\/wp\/v2\/users\/1"}],"replies":[{"embeddable":true,"href":"https:\/\/spiralefcc.fr\/index.php?rest_route=%2Fwp%2Fv2%2Fcomments&post=418"}],"version-history":[{"count":12,"href":"https:\/\/spiralefcc.fr\/index.php?rest_route=\/wp\/v2\/pages\/418\/revisions"}],"predecessor-version":[{"id":978,"href":"https:\/\/spiralefcc.fr\/index.php?rest_route=\/wp\/v2\/pages\/418\/revisions\/978"}],"wp:featuredmedia":[{"embeddable":true,"href":"https:\/\/spiralefcc.fr\/index.php?rest_route=\/wp\/v2\/media\/421"}],"wp:attachment":[{"href":"https:\/\/spiralefcc.fr\/index.php?rest_route=%2Fwp%2Fv2%2Fmedia&parent=418"}],"curies":[{"name":"wp","href":"https:\/\/api.w.org\/{rel}","templated":true}]}}