{"id":645,"date":"2023-01-16T18:20:31","date_gmt":"2023-01-16T17:20:31","guid":{"rendered":"http:\/\/spiralefcc.fr\/?page_id=645"},"modified":"2025-03-22T16:22:01","modified_gmt":"2025-03-22T15:22:01","slug":"augmenter-son-aisance-a-lecrit","status":"publish","type":"page","link":"https:\/\/spiralefcc.fr\/?page_id=645","title":{"rendered":"AUGMENTER SON AISANCE A L&#8217;\u00c9CRIT"},"content":{"rendered":"\n<p><em>&nbsp;<em>A l&#8217;issue de cette formation, le stagiaire sera <\/em>capable d\u2019appliquer les r\u00e8gles courantes de la langue fran\u00e7aise lors de la r\u00e9daction d\u2019un texte.<\/em><\/p>\n\n\n\n<h2 class=\"wp-block-heading\">INFORMATIONS G\u00c9N\u00c9RALES SUR LA FORMATION<\/h2>\n\n\n\n<figure class=\"wp-block-table is-style-stripes\"><table class=\"has-white-background-color has-background\"><tbody><tr><td class=\"has-text-align-center\" data-align=\"center\"><strong>Dur\u00e9e:<\/strong><br><img loading=\"lazy\" decoding=\"async\" width=\"40\" height=\"40\" class=\"wp-image-156\" style=\"width: 40px;\" src=\"http:\/\/spiralefcc.fr\/wp-content\/uploads\/2022\/06\/time-g853db0374_640.png\" alt=\"\" srcset=\"https:\/\/spiralefcc.fr\/wp-content\/uploads\/2022\/06\/time-g853db0374_640.png 640w, https:\/\/spiralefcc.fr\/wp-content\/uploads\/2022\/06\/time-g853db0374_640-300x300.png 300w, https:\/\/spiralefcc.fr\/wp-content\/uploads\/2022\/06\/time-g853db0374_640-150x150.png 150w, https:\/\/spiralefcc.fr\/wp-content\/uploads\/2022\/06\/time-g853db0374_640-100x100.png 100w\" sizes=\"auto, (max-width: 40px) 100vw, 40px\" \/><\/td><td>14h, soit 2  jours<\/td><\/tr><tr><td class=\"has-text-align-center\" data-align=\"center\"><strong>Profil des apprenants :<\/strong><br><img loading=\"lazy\" decoding=\"async\" width=\"60\" height=\"39\" class=\"wp-image-159\" style=\"width: 60px;\" src=\"http:\/\/spiralefcc.fr\/wp-content\/uploads\/2022\/06\/customer-g6152290f2_1920.jpg\" alt=\"\" srcset=\"https:\/\/spiralefcc.fr\/wp-content\/uploads\/2022\/06\/customer-g6152290f2_1920.jpg 1920w, https:\/\/spiralefcc.fr\/wp-content\/uploads\/2022\/06\/customer-g6152290f2_1920-300x194.jpg 300w, https:\/\/spiralefcc.fr\/wp-content\/uploads\/2022\/06\/customer-g6152290f2_1920-1024x662.jpg 1024w, https:\/\/spiralefcc.fr\/wp-content\/uploads\/2022\/06\/customer-g6152290f2_1920-768x496.jpg 768w, https:\/\/spiralefcc.fr\/wp-content\/uploads\/2022\/06\/customer-g6152290f2_1920-1536x993.jpg 1536w\" sizes=\"auto, (max-width: 60px) 100vw, 60px\" \/><\/td><td>&#8211; Toute personne d\u00e9sireuse de se sentir \u00e0 l\u2019aise lors de la production d\u2019un \u00e9crit destin\u00e9 \u00e0 \u00eatre partag\u00e9.<br>&#8211; Formation ouverte aux \u00e9lus locaux dans le cadre de leur mandat<\/td><\/tr><tr><td class=\"has-text-align-center\" data-align=\"center\"><strong>Pr\u00e9requis :<\/strong><br><img loading=\"lazy\" decoding=\"async\" width=\"40\" height=\"37\" class=\"wp-image-158\" style=\"width: 40px;\" src=\"http:\/\/spiralefcc.fr\/wp-content\/uploads\/2022\/06\/puzzle-g251d3fcc6_640.png\" alt=\"\" srcset=\"https:\/\/spiralefcc.fr\/wp-content\/uploads\/2022\/06\/puzzle-g251d3fcc6_640.png 640w, https:\/\/spiralefcc.fr\/wp-content\/uploads\/2022\/06\/puzzle-g251d3fcc6_640-300x280.png 300w\" sizes=\"auto, (max-width: 40px) 100vw, 40px\" \/><\/td><td>Avoir un niveau de fran\u00e7ais de base.<\/td><\/tr><tr><td class=\"has-text-align-center\" data-align=\"center\"><strong>Nombre de participants :<\/strong><br><img loading=\"lazy\" decoding=\"async\" width=\"40\" height=\"40\" class=\"wp-image-157\" style=\"width: 40px;\" src=\"http:\/\/spiralefcc.fr\/wp-content\/uploads\/2022\/06\/association-gf7069921c_1280.png\" alt=\"\" srcset=\"https:\/\/spiralefcc.fr\/wp-content\/uploads\/2022\/06\/association-gf7069921c_1280.png 1280w, https:\/\/spiralefcc.fr\/wp-content\/uploads\/2022\/06\/association-gf7069921c_1280-300x300.png 300w, https:\/\/spiralefcc.fr\/wp-content\/uploads\/2022\/06\/association-gf7069921c_1280-1024x1024.png 1024w, https:\/\/spiralefcc.fr\/wp-content\/uploads\/2022\/06\/association-gf7069921c_1280-150x150.png 150w, https:\/\/spiralefcc.fr\/wp-content\/uploads\/2022\/06\/association-gf7069921c_1280-768x768.png 768w, https:\/\/spiralefcc.fr\/wp-content\/uploads\/2022\/06\/association-gf7069921c_1280-100x100.png 100w\" sizes=\"auto, (max-width: 40px) 100vw, 40px\" \/><\/td><td>&#8211; 5 \u00e0 10 personnes<\/td><\/tr><\/tbody><\/table><\/figure>\n\n\n\n<hr class=\"wp-block-separator has-alpha-channel-opacity is-style-wide\"\/>\n\n\n\n<h2 class=\"wp-block-heading\">\u00c9L\u00c9MENTS P\u00c9DAGOGIQUES<\/h2>\n\n\n\n<figure class=\"wp-block-table is-style-stripes\"><table class=\"has-white-background-color has-background\"><tbody><tr><td class=\"has-text-align-center\" data-align=\"center\"><strong>Objectifs P\u00e9dagogiques<\/strong> : <br><img loading=\"lazy\" decoding=\"async\" width=\"40\" height=\"40\" class=\"wp-image-161\" style=\"width: 40px;\" src=\"http:\/\/spiralefcc.fr\/wp-content\/uploads\/2022\/06\/target-g6ab88b635_640.png\" alt=\"\" srcset=\"https:\/\/spiralefcc.fr\/wp-content\/uploads\/2022\/06\/target-g6ab88b635_640.png 640w, https:\/\/spiralefcc.fr\/wp-content\/uploads\/2022\/06\/target-g6ab88b635_640-300x300.png 300w, https:\/\/spiralefcc.fr\/wp-content\/uploads\/2022\/06\/target-g6ab88b635_640-150x150.png 150w, https:\/\/spiralefcc.fr\/wp-content\/uploads\/2022\/06\/target-g6ab88b635_640-100x100.png 100w\" sizes=\"auto, (max-width: 40px) 100vw, 40px\" \/><\/td><td>&#8211; <strong>Se rappeler des r\u00e8gles de base de la grammaire fran\u00e7aise.<\/strong><br><strong>&#8211; Conjuguer des verbes aux temps demand\u00e9s.<\/strong><br><strong>&#8211; Compl\u00e9ter des phrases avec les mots appropri\u00e9s.<\/strong><br><strong>&#8211; D\u00e9tecter d\u2019\u00e9ventuelles erreurs dans les phrases propos\u00e9es.<\/strong><br><strong>&#8211; D\u00e9celer des fautes li\u00e9es \u00e0 un mauvais usage des conventions d\u2019orthotypographie..<\/strong><\/td><\/tr><tr><td class=\"has-text-align-center\" data-align=\"center\"><strong>Contenu de la formation : <\/strong><br><img loading=\"lazy\" decoding=\"async\" width=\"40\" height=\"60\" class=\"wp-image-162\" style=\"width: 40px;\" src=\"http:\/\/spiralefcc.fr\/wp-content\/uploads\/2022\/06\/steps-gf3f152595_1280.png\" alt=\"\" srcset=\"https:\/\/spiralefcc.fr\/wp-content\/uploads\/2022\/06\/steps-gf3f152595_1280.png 850w, https:\/\/spiralefcc.fr\/wp-content\/uploads\/2022\/06\/steps-gf3f152595_1280-199x300.png 199w, https:\/\/spiralefcc.fr\/wp-content\/uploads\/2022\/06\/steps-gf3f152595_1280-680x1024.png 680w, https:\/\/spiralefcc.fr\/wp-content\/uploads\/2022\/06\/steps-gf3f152595_1280-768x1157.png 768w\" sizes=\"auto, (max-width: 40px) 100vw, 40px\" \/><\/td><td>&#8211; Grammaire et orthographe grammaticale : natures principales de mots et fonctions principales dans la phrase<br>&#8211; Conjugaison&nbsp;: les temps simples courants et le pass\u00e9 compos\u00e9 (y compris ses accords)<br>&#8211; Vocabulaire&nbsp;: les diff\u00e9rents sens, les registres de langues, les racines grecques et latine\u2026<br>&#8211; Les erreurs les plus fr\u00e9quentes&nbsp;: les conna\u00eetre pour ne plus les faire<br>&#8211; Les conventions d\u2019orthotypographie utilis\u00e9es au quotidien<br>&#8211; Test \u00e9crit<\/td><\/tr><\/tbody><\/table><\/figure>\n\n\n\n<hr class=\"wp-block-separator has-alpha-channel-opacity is-style-wide\"\/>\n\n\n\n<h2 class=\"wp-block-heading\">ORGANISATION DE LA FORMATION<\/h2>\n\n\n\n<figure class=\"wp-block-table is-style-stripes\"><table class=\"has-white-background-color has-background\"><tbody><tr><td class=\"has-text-align-center\" data-align=\"center\"><strong>\u00c9quipe p\u00e9dagogique<\/strong><br><img decoding=\"async\" class=\"wp-image-289\" style=\"width: 60px;\" src=\"http:\/\/spiralefcc.fr\/wp-content\/uploads\/2022\/06\/Diane.png\" alt=\"\"><\/td><td><strong>Diane VANTALON-MENDEZ :<\/strong><br>FORMATRICE \/RESPONSABLE P\u00c9DAGOGIQUE<br>&#8211; Fondatrice de Spirale FCC. Sp\u00e9cialiste en ing\u00e9nierie de formation.<br>&#8211; D\u00e9tentrice du Titre Professionnel de Formateur Professionnel d\u2019Adultes.<br>&#8211; A permis \u00e0 plusieurs organismes de formation d\u2019obtenir leur certification Qualiopi.<br>&#8211; Accompagne des formateurs ind\u00e9pendants dans l\u2019\u00e9laboration de leurs outils p\u00e9dagogiques.<br>&#8211; Con\u00e7oit, anime et co-anime des sessions de formation. <br>&#8211; A obtenu un score de 946\/1000 au Certificat Voltaire en novembre 2023<a> <\/a><em>(code de v\u00e9rification WNPVP4E)<\/em><\/td><\/tr><tr><td class=\"has-text-align-center\" data-align=\"center\"><strong><strong>Moyens p\u00e9dagogiques et techniques<\/strong><\/strong> : <br><img loading=\"lazy\" decoding=\"async\" width=\"40\" height=\"40\" class=\"wp-image-166\" style=\"width: 40px;\" src=\"http:\/\/spiralefcc.fr\/wp-content\/uploads\/2022\/06\/gear-g2d3286d0a_640.png\" alt=\"\" srcset=\"https:\/\/spiralefcc.fr\/wp-content\/uploads\/2022\/06\/gear-g2d3286d0a_640.png 640w, https:\/\/spiralefcc.fr\/wp-content\/uploads\/2022\/06\/gear-g2d3286d0a_640-300x300.png 300w, https:\/\/spiralefcc.fr\/wp-content\/uploads\/2022\/06\/gear-g2d3286d0a_640-150x150.png 150w, https:\/\/spiralefcc.fr\/wp-content\/uploads\/2022\/06\/gear-g2d3286d0a_640-100x100.png 100w\" sizes=\"auto, (max-width: 40px) 100vw, 40px\" \/><\/td><td>&#8211; Accueil des stagiaires dans une salle d\u00e9di\u00e9e \u00e0 la formation.<br>&#8211; Expos\u00e9s th\u00e9oriques.<br>&#8211; Exercices pratiques.<br>&#8211; \u00c9changes nombreux entre les participants et avec le formateur.<br>&#8211; Mise \u00e0 disposition de documents supports \u00e0 la suite de la formation.<\/td><\/tr><tr><td class=\"has-text-align-center\" data-align=\"center\"><strong>Dispositif de suivi de l&#8217;ex\u00e9cution de l&#8217;\u00e9valuation des r\u00e9sultats de la formation<\/strong> : <br><img loading=\"lazy\" decoding=\"async\" width=\"40\" height=\"40\" class=\"wp-image-163\" style=\"width: 40px;\" src=\"http:\/\/spiralefcc.fr\/wp-content\/uploads\/2022\/06\/list-g6835e516b_1280.png\" alt=\"\" srcset=\"https:\/\/spiralefcc.fr\/wp-content\/uploads\/2022\/06\/list-g6835e516b_1280.png 1280w, https:\/\/spiralefcc.fr\/wp-content\/uploads\/2022\/06\/list-g6835e516b_1280-300x300.png 300w, https:\/\/spiralefcc.fr\/wp-content\/uploads\/2022\/06\/list-g6835e516b_1280-1024x1024.png 1024w, https:\/\/spiralefcc.fr\/wp-content\/uploads\/2022\/06\/list-g6835e516b_1280-150x150.png 150w, https:\/\/spiralefcc.fr\/wp-content\/uploads\/2022\/06\/list-g6835e516b_1280-768x768.png 768w, https:\/\/spiralefcc.fr\/wp-content\/uploads\/2022\/06\/list-g6835e516b_1280-100x100.png 100w\" sizes=\"auto, (max-width: 40px) 100vw, 40px\" \/><\/td><td>&#8211; Feuilles de pr\u00e9sence.<br>&#8211; Questions orales ou \u00e9crites.<br>&#8211; Test final.<br>&#8211; Formulaire d&#8217;\u00e9valuation de la formation.<\/td><\/tr><tr><td class=\"has-text-align-center\" data-align=\"center\"><strong>Acc\u00e8s \u00e0 la formation&nbsp;:<\/strong><br><img loading=\"lazy\" decoding=\"async\" width=\"40\" height=\"33\" class=\"wp-image-167\" style=\"width: 40px;\" src=\"http:\/\/spiralefcc.fr\/wp-content\/uploads\/2022\/06\/accept-gebcebbdc3_1280.png\" alt=\"\" srcset=\"https:\/\/spiralefcc.fr\/wp-content\/uploads\/2022\/06\/accept-gebcebbdc3_1280.png 1280w, https:\/\/spiralefcc.fr\/wp-content\/uploads\/2022\/06\/accept-gebcebbdc3_1280-300x251.png 300w, https:\/\/spiralefcc.fr\/wp-content\/uploads\/2022\/06\/accept-gebcebbdc3_1280-1024x857.png 1024w, https:\/\/spiralefcc.fr\/wp-content\/uploads\/2022\/06\/accept-gebcebbdc3_1280-768x643.png 768w\" sizes=\"auto, (max-width: 40px) 100vw, 40px\" \/><\/td><td>&#8211; La dur\u00e9e estim\u00e9e entre la demande et le d\u00e9but de la formation est variable entre 1 et 3 mois en fonction du profil des candidats et des modalit\u00e9s de prises en charge.<br>&#8211; Accessible aux personnes en situation de handicap. <em>Nous consulter pour tout am\u00e9nagement de parcours.<\/em><br>&#8211; <em>Les dates sont co-planifi\u00e9es avec le client. Nous consulter.<\/em><\/td><\/tr><tr><td class=\"has-text-align-center\" data-align=\"center\"><strong>Prix (nets de TVA) <\/strong>: <br><img loading=\"lazy\" decoding=\"async\" width=\"40\" height=\"40\" class=\"wp-image-180\" style=\"width: 40px;\" src=\"http:\/\/spiralefcc.fr\/wp-content\/uploads\/2022\/06\/euro-gadeceda12_640.png\" alt=\"\" srcset=\"https:\/\/spiralefcc.fr\/wp-content\/uploads\/2022\/06\/euro-gadeceda12_640.png 640w, https:\/\/spiralefcc.fr\/wp-content\/uploads\/2022\/06\/euro-gadeceda12_640-300x300.png 300w, https:\/\/spiralefcc.fr\/wp-content\/uploads\/2022\/06\/euro-gadeceda12_640-150x150.png 150w, https:\/\/spiralefcc.fr\/wp-content\/uploads\/2022\/06\/euro-gadeceda12_640-100x100.png 100w\" sizes=\"auto, (max-width: 40px) 100vw, 40px\" \/><\/td><td>\u00b7\u00a0 <strong>Intra\u00a0:<\/strong><br>o\u00a0\u00a0 1200\u20ac\/jour, soit<strong> 2400\u20ac<\/strong><br>o\u00a0\u00a0 Frais formateur au forfait en fonction du lieu d\u2019intervention.<br><\/td><\/tr><\/tbody><\/table><\/figure>\n\n\n\n<hr class=\"wp-block-separator has-alpha-channel-opacity is-style-wide\"\/>\n\n\n\n<h2 class=\"wp-block-heading\">T\u00c9L\u00c9CHARGER LA FICHE PROGRAMME<\/h2>\n\n\n\n<p><\/p>\n\n\n\n<div data-wp-interactive=\"core\/file\" class=\"wp-block-file\"><object data-wp-bind--hidden=\"!state.hasPdfPreview\" hidden class=\"wp-block-file__embed\" data=\"https:\/\/spiralefcc.fr\/wp-content\/uploads\/2025\/03\/PROG021_augmenter-son-aisance-a-lecrit.pdf\" type=\"application\/pdf\" style=\"width:100%;height:600px\" aria-label=\"Embed of PROG021_augmenter son aisance \u00e0 l&apos;\u00e9crit.\"><\/object><a id=\"wp-block-file--media-fd60f6aa-cfd7-49a1-a607-41ca899498d1\" href=\"https:\/\/spiralefcc.fr\/wp-content\/uploads\/2025\/03\/PROG021_augmenter-son-aisance-a-lecrit.pdf\">PROG021_augmenter son aisance \u00e0 l&#8217;\u00e9crit<\/a><a href=\"https:\/\/spiralefcc.fr\/wp-content\/uploads\/2025\/03\/PROG021_augmenter-son-aisance-a-lecrit.pdf\" class=\"wp-block-file__button wp-element-button\" download aria-describedby=\"wp-block-file--media-fd60f6aa-cfd7-49a1-a607-41ca899498d1\">T\u00e9l\u00e9charger<\/a><\/div>\n","protected":false},"excerpt":{"rendered":"<p>&nbsp;A l&#8217;issue de cette formation, le stagiaire sera capable d\u2019appliquer les r\u00e8gles courantes de la langue fran\u00e7aise lors de la r\u00e9daction d\u2019un texte. INFORMATIONS G\u00c9N\u00c9RALES SUR LA FORMATION Dur\u00e9e: 14h, soit 2 jours Profil des apprenants : &#8211; Toute personne d\u00e9sireuse de se sentir \u00e0 l\u2019aise lors de la production d\u2019un \u00e9crit destin\u00e9 \u00e0 \u00eatre partag\u00e9.&#8211; Formation ouverte aux \u00e9lus locaux dans le cadre de leur mandat Pr\u00e9requis : Avoir un niveau de fran\u00e7ais de base. Nombre de participants : &#8211; 5 \u00e0 10 personnes \u00c9L\u00c9MENTS P\u00c9DAGOGIQUES Objectifs P\u00e9dagogiques : &#8211; Se rappeler des r\u00e8gles de base de la grammaire fran\u00e7aise.&#8211; Conjuguer des verbes aux temps demand\u00e9s.&#8211; Compl\u00e9ter des phrases avec les mots appropri\u00e9s.&#8211; D\u00e9tecter d\u2019\u00e9ventuelles erreurs dans les phrases propos\u00e9es.&#8211; D\u00e9celer des fautes li\u00e9es \u00e0 un mauvais usage des conventions d\u2019orthotypographie.. Contenu de la formation : &#8211; Grammaire et orthographe grammaticale : natures principales de mots et fonctions principales dans la phrase&#8211; Conjugaison&nbsp;: les temps simples courants et le pass\u00e9 compos\u00e9 (y compris ses accords)&#8211; Vocabulaire&nbsp;: les diff\u00e9rents sens, les registres de langues, les racines grecques et latine\u2026&#8211; Les erreurs les plus fr\u00e9quentes&nbsp;: les conna\u00eetre pour ne plus les faire&#8211; Les conventions d\u2019orthotypographie utilis\u00e9es au quotidien&#8211; Test \u00e9crit ORGANISATION DE LA FORMATION \u00c9quipe p\u00e9dagogique Diane VANTALON-MENDEZ :FORMATRICE \/RESPONSABLE P\u00c9DAGOGIQUE&#8211; Fondatrice de Spirale FCC. Sp\u00e9cialiste en ing\u00e9nierie de formation.&#8211; D\u00e9tentrice du Titre Professionnel de Formateur Professionnel d\u2019Adultes.&#8211; A permis \u00e0 plusieurs organismes de formation d\u2019obtenir leur certification Qualiopi.&#8211; Accompagne des formateurs ind\u00e9pendants dans l\u2019\u00e9laboration de leurs outils p\u00e9dagogiques.&#8211; Con\u00e7oit, anime et co-anime des sessions de formation. &#8211; A obtenu un score de 946\/1000 au Certificat Voltaire en novembre 2023 (code de v\u00e9rification WNPVP4E) Moyens p\u00e9dagogiques et techniques : &#8211; Accueil des stagiaires dans une salle d\u00e9di\u00e9e \u00e0 la formation.&#8211; Expos\u00e9s th\u00e9oriques.&#8211; Exercices pratiques.&#8211; \u00c9changes nombreux entre les participants et avec le formateur.&#8211; Mise \u00e0 disposition de documents supports \u00e0 la suite de la formation. Dispositif de suivi de l&#8217;ex\u00e9cution de l&#8217;\u00e9valuation des r\u00e9sultats de la formation : &#8211; Feuilles de pr\u00e9sence.&#8211; Questions orales ou \u00e9crites.&#8211; Test final.&#8211; Formulaire d&#8217;\u00e9valuation de la formation. Acc\u00e8s \u00e0 la formation&nbsp;: &#8211; La dur\u00e9e estim\u00e9e entre la demande et le d\u00e9but de la formation est variable entre 1 et 3 mois en fonction du profil des candidats et des modalit\u00e9s de prises en charge.&#8211; Accessible aux personnes en situation de handicap. Nous consulter pour tout am\u00e9nagement de parcours.&#8211; Les dates sont co-planifi\u00e9es avec le client. Nous consulter. Prix (nets de TVA) : \u00b7\u00a0 Intra\u00a0\ud83d\ude2e\u00a0\u00a0 1200\u20ac\/jour, soit 2400\u20aco\u00a0\u00a0 Frais formateur au forfait en fonction du lieu d\u2019intervention. T\u00c9L\u00c9CHARGER LA FICHE PROGRAMME<\/p>\n","protected":false},"author":1,"featured_media":646,"parent":0,"menu_order":0,"comment_status":"closed","ping_status":"closed","template":"","meta":{"footnotes":""},"class_list":["post-645","page","type-page","status-publish","has-post-thumbnail","hentry"],"_links":{"self":[{"href":"https:\/\/spiralefcc.fr\/index.php?rest_route=\/wp\/v2\/pages\/645","targetHints":{"allow":["GET"]}}],"collection":[{"href":"https:\/\/spiralefcc.fr\/index.php?rest_route=\/wp\/v2\/pages"}],"about":[{"href":"https:\/\/spiralefcc.fr\/index.php?rest_route=\/wp\/v2\/types\/page"}],"author":[{"embeddable":true,"href":"https:\/\/spiralefcc.fr\/index.php?rest_route=\/wp\/v2\/users\/1"}],"replies":[{"embeddable":true,"href":"https:\/\/spiralefcc.fr\/index.php?rest_route=%2Fwp%2Fv2%2Fcomments&post=645"}],"version-history":[{"count":3,"href":"https:\/\/spiralefcc.fr\/index.php?rest_route=\/wp\/v2\/pages\/645\/revisions"}],"predecessor-version":[{"id":965,"href":"https:\/\/spiralefcc.fr\/index.php?rest_route=\/wp\/v2\/pages\/645\/revisions\/965"}],"wp:featuredmedia":[{"embeddable":true,"href":"https:\/\/spiralefcc.fr\/index.php?rest_route=\/wp\/v2\/media\/646"}],"wp:attachment":[{"href":"https:\/\/spiralefcc.fr\/index.php?rest_route=%2Fwp%2Fv2%2Fmedia&parent=645"}],"curies":[{"name":"wp","href":"https:\/\/api.w.org\/{rel}","templated":true}]}}